{"id":237,"date":"2014-03-25T18:40:10","date_gmt":"2014-03-25T17:40:10","guid":{"rendered":"http:\/\/hausen-aulatal.de\/?page_id=237"},"modified":"2025-08-27T18:21:16","modified_gmt":"2025-08-27T16:21:16","slug":"reservistenverein","status":"publish","type":"page","link":"https:\/\/hausen-aulatal.de\/?page_id=237","title":{"rendered":"Reservistenverein"},"content":{"rendered":"<h3 style=\"text-align: center;\"><a href=\"https:\/\/hausen-aulatal.de\/wp-content\/uploads\/2014\/03\/logo_reserv_wappen.jpg\"><img loading=\"lazy\" decoding=\"async\" class=\"size-full wp-image-344 aligncenter\" src=\"https:\/\/hausen-aulatal.de\/wp-content\/uploads\/2014\/03\/logo_reserv_wappen.jpg\" alt=\"Reservistenverein\" width=\"200\" height=\"209\" \/><\/a><\/h3>\n<h1 style=\"text-align: center;\">Feier zum 50-j\u00e4hrigen Vereinsjubil\u00e4um in der Schutzh\u00fctte am Hohnberg (02.08.2025)<\/h1>\n<h1><strong><a href=\"https:\/\/hausen-aulatal.de\/wp-content\/uploads\/2025\/08\/IMG-20250803-WA0007.jpg\"><img loading=\"lazy\" decoding=\"async\" class=\"alignnone size-full wp-image-27652\" src=\"https:\/\/hausen-aulatal.de\/wp-content\/uploads\/2025\/08\/IMG-20250803-WA0007.jpg\" alt=\"\" width=\"1600\" height=\"1200\" srcset=\"https:\/\/hausen-aulatal.de\/wp-content\/uploads\/2025\/08\/IMG-20250803-WA0007.jpg 1600w, https:\/\/hausen-aulatal.de\/wp-content\/uploads\/2025\/08\/IMG-20250803-WA0007-300x225.jpg 300w, https:\/\/hausen-aulatal.de\/wp-content\/uploads\/2025\/08\/IMG-20250803-WA0007-1024x768.jpg 1024w, https:\/\/hausen-aulatal.de\/wp-content\/uploads\/2025\/08\/IMG-20250803-WA0007-768x576.jpg 768w, https:\/\/hausen-aulatal.de\/wp-content\/uploads\/2025\/08\/IMG-20250803-WA0007-1536x1152.jpg 1536w\" sizes=\"(max-width: 1600px) 100vw, 1600px\" \/><\/a><\/strong><\/h1>\n<p><a href=\"https:\/\/hausen-aulatal.de\/wp-content\/uploads\/2025\/08\/IMG-20250803-WA0006.jpg\"><img loading=\"lazy\" decoding=\"async\" class=\"alignnone size-full wp-image-27651\" src=\"https:\/\/hausen-aulatal.de\/wp-content\/uploads\/2025\/08\/IMG-20250803-WA0006.jpg\" alt=\"\" width=\"1600\" height=\"1200\" srcset=\"https:\/\/hausen-aulatal.de\/wp-content\/uploads\/2025\/08\/IMG-20250803-WA0006.jpg 1600w, https:\/\/hausen-aulatal.de\/wp-content\/uploads\/2025\/08\/IMG-20250803-WA0006-300x225.jpg 300w, https:\/\/hausen-aulatal.de\/wp-content\/uploads\/2025\/08\/IMG-20250803-WA0006-1024x768.jpg 1024w, https:\/\/hausen-aulatal.de\/wp-content\/uploads\/2025\/08\/IMG-20250803-WA0006-768x576.jpg 768w, https:\/\/hausen-aulatal.de\/wp-content\/uploads\/2025\/08\/IMG-20250803-WA0006-1536x1152.jpg 1536w\" sizes=\"(max-width: 1600px) 100vw, 1600px\" \/><\/a><\/p>\n<h1><strong>Thema: Zukunft des Maibaumfestes<\/strong><\/h1>\n<p>Bei der letzten Quartalsversammlung im April 2025 des Reservistenverein Hausen stand die Zukunft des traditionellen Maibaumfestes im Mittelpunkt der Diskussion. Nach eingehender Beratung sprach sich die \u00a0 \u00a0Mehrheit der anwesenden Mitglieder gegen eine Fortf\u00fchrung des Festes aus. Als Hauptgrund wurde das fortgeschrittene Alter vieler Mitglieder genannt, das sowohl die Organisation als auch die Durchf\u00fchrung des Festes zunehmend erschwere, so der Vorsitzende Gerd Neumann.<\/p>\n<p>Um dennoch eine Fortf\u00fchrung der Veranstaltung zu erm\u00f6glichen, wurde im weiteren Verlauf der Sitzung beschlossen, die \u00f6rtlichen Vereine anzusprechen. Diese sollen pr\u00fcfen, ob sie das Maibaumfest in Zukunft \u00fcbernehmen k\u00f6nnen, so der Vorsitzende weiter. Interessierte Vereine oder Gruppen werden gebeten, sich bei Ortsvorsteher J\u00f6rg Albert zu melden.<\/p>\n<p>Unabh\u00e4ngig von der k\u00fcnftigen Ausrichtung des Maibaumfestes \u00fcbernehmen die Reservisten weiterhin das traditionelle Aufstellen des Maibaums im Fr\u00fchjahr sowie dessen Abbau im Herbst. Auch die Betreuung der Weihnachtsbeleuchtung im Ort einschlie\u00dflich des Weihnachtssterns an der Grillh\u00fctte und des Adventskranzes auf dem Maibaumplatz bleibt in der Verantwortung des Vereins, berichtete Dirk Battenberg, Kassierer der Reservisten.<\/p>\n<p>Der stellvertretende Vorsitzende Dirk Fleischmann informierte zudem, dass sich das Maibaumaufstellen in diesem Jahr krankheitsbedingt verz\u00f6gern wird und voraussichtlich erst Ende Mai stattfinden kann.<\/p>\n<p>Ein freudiger Anlass wirft seine Schatten voraus: Der Reservistenverein Hausen feiert sein 50-j\u00e4hriges Bestehen mit einem Sommerfest an der Grill- und Schutzh\u00fctte am Golfplatz in Hausen. Der genaue Termin f\u00fcr diese Jubil\u00e4umsveranstaltung wird noch bekannt gegeben.<\/p>\n<h3 style=\"text-align: center;\"><strong>Einweihung der neuen Toilettenanalge am 8. September 2019<\/strong><\/h3>\n<p>&nbsp;<\/p>\n<p><a href=\"https:\/\/hausen-aulatal.de\/?attachment_id=11356\" rel=\"attachment wp-att-11356\"><img loading=\"lazy\" decoding=\"async\" class=\"aligncenter size-large wp-image-11356\" src=\"https:\/\/hausen-aulatal.de\/wp-content\/uploads\/2019\/09\/20190908_132403-1024x768.jpg\" alt=\"\" width=\"720\" height=\"540\" srcset=\"https:\/\/hausen-aulatal.de\/wp-content\/uploads\/2019\/09\/20190908_132403-1024x768.jpg 1024w, https:\/\/hausen-aulatal.de\/wp-content\/uploads\/2019\/09\/20190908_132403-300x225.jpg 300w, https:\/\/hausen-aulatal.de\/wp-content\/uploads\/2019\/09\/20190908_132403-768x576.jpg 768w\" sizes=\"(max-width: 720px) 100vw, 720px\" \/><\/a> <a href=\"https:\/\/hausen-aulatal.de\/?attachment_id=11361\" rel=\"attachment wp-att-11361\"><img loading=\"lazy\" decoding=\"async\" class=\"aligncenter size-large wp-image-11361\" src=\"https:\/\/hausen-aulatal.de\/wp-content\/uploads\/2019\/09\/20190908_112320-768x1024.jpg\" alt=\"\" width=\"720\" height=\"960\" srcset=\"https:\/\/hausen-aulatal.de\/wp-content\/uploads\/2019\/09\/20190908_112320-768x1024.jpg 768w, https:\/\/hausen-aulatal.de\/wp-content\/uploads\/2019\/09\/20190908_112320-225x300.jpg 225w\" sizes=\"(max-width: 720px) 100vw, 720px\" \/><\/a><a href=\"https:\/\/hausen-aulatal.de\/?attachment_id=11362\" rel=\"attachment wp-att-11362\"><img loading=\"lazy\" decoding=\"async\" class=\"aligncenter size-large wp-image-11362\" src=\"https:\/\/hausen-aulatal.de\/wp-content\/uploads\/2019\/09\/20190908_112315-768x1024.jpg\" alt=\"\" width=\"720\" height=\"960\" srcset=\"https:\/\/hausen-aulatal.de\/wp-content\/uploads\/2019\/09\/20190908_112315-768x1024.jpg 768w, https:\/\/hausen-aulatal.de\/wp-content\/uploads\/2019\/09\/20190908_112315-225x300.jpg 225w\" sizes=\"(max-width: 720px) 100vw, 720px\" \/><\/a> <a href=\"https:\/\/hausen-aulatal.de\/?attachment_id=11353\" rel=\"attachment wp-att-11353\"><img loading=\"lazy\" decoding=\"async\" class=\"aligncenter size-large wp-image-11353\" src=\"https:\/\/hausen-aulatal.de\/wp-content\/uploads\/2019\/09\/20190908_112305-1024x768.jpg\" alt=\"\" width=\"720\" height=\"540\" srcset=\"https:\/\/hausen-aulatal.de\/wp-content\/uploads\/2019\/09\/20190908_112305-1024x768.jpg 1024w, https:\/\/hausen-aulatal.de\/wp-content\/uploads\/2019\/09\/20190908_112305-300x225.jpg 300w, https:\/\/hausen-aulatal.de\/wp-content\/uploads\/2019\/09\/20190908_112305-768x576.jpg 768w\" sizes=\"(max-width: 720px) 100vw, 720px\" \/><\/a> <a href=\"https:\/\/hausen-aulatal.de\/?attachment_id=11352\" rel=\"attachment wp-att-11352\"><img loading=\"lazy\" decoding=\"async\" class=\"aligncenter size-large wp-image-11352\" src=\"https:\/\/hausen-aulatal.de\/wp-content\/uploads\/2019\/09\/20190908_112239-1024x768.jpg\" alt=\"\" width=\"720\" height=\"540\" srcset=\"https:\/\/hausen-aulatal.de\/wp-content\/uploads\/2019\/09\/20190908_112239-1024x768.jpg 1024w, https:\/\/hausen-aulatal.de\/wp-content\/uploads\/2019\/09\/20190908_112239-300x225.jpg 300w, https:\/\/hausen-aulatal.de\/wp-content\/uploads\/2019\/09\/20190908_112239-768x576.jpg 768w\" sizes=\"(max-width: 720px) 100vw, 720px\" \/><\/a><\/p>\n<p style=\"text-align: center;\"><a href=\"https:\/\/hausen-aulatal.de\/?attachment_id=11067\" rel=\"attachment wp-att-11067\"><img loading=\"lazy\" decoding=\"async\" class=\"aligncenter size-large wp-image-11067\" src=\"https:\/\/hausen-aulatal.de\/wp-content\/uploads\/2019\/07\/Schutzh\u00fctte20190706-Fertig-1024x576.jpg\" alt=\"\" width=\"720\" height=\"405\" srcset=\"https:\/\/hausen-aulatal.de\/wp-content\/uploads\/2019\/07\/Schutzh\u00fctte20190706-Fertig-1024x576.jpg 1024w, https:\/\/hausen-aulatal.de\/wp-content\/uploads\/2019\/07\/Schutzh\u00fctte20190706-Fertig-300x169.jpg 300w, https:\/\/hausen-aulatal.de\/wp-content\/uploads\/2019\/07\/Schutzh\u00fctte20190706-Fertig-768x432.jpg 768w, https:\/\/hausen-aulatal.de\/wp-content\/uploads\/2019\/07\/Schutzh\u00fctte20190706-Fertig.jpg 1328w\" sizes=\"(max-width: 720px) 100vw, 720px\" \/><\/a><a href=\"https:\/\/hausen-aulatal.de\/?attachment_id=11066\" rel=\"attachment wp-att-11066\"><img loading=\"lazy\" decoding=\"async\" class=\"aligncenter size-large wp-image-11066\" src=\"https:\/\/hausen-aulatal.de\/wp-content\/uploads\/2019\/07\/Schutzh\u00fctte20190706-13-1024x768.jpg\" alt=\"\" width=\"720\" height=\"540\" srcset=\"https:\/\/hausen-aulatal.de\/wp-content\/uploads\/2019\/07\/Schutzh\u00fctte20190706-13-1024x768.jpg 1024w, https:\/\/hausen-aulatal.de\/wp-content\/uploads\/2019\/07\/Schutzh\u00fctte20190706-13-300x225.jpg 300w, https:\/\/hausen-aulatal.de\/wp-content\/uploads\/2019\/07\/Schutzh\u00fctte20190706-13-768x576.jpg 768w, https:\/\/hausen-aulatal.de\/wp-content\/uploads\/2019\/07\/Schutzh\u00fctte20190706-13.jpg 1440w\" sizes=\"(max-width: 720px) 100vw, 720px\" \/><\/a><a href=\"https:\/\/hausen-aulatal.de\/?attachment_id=11065\" rel=\"attachment wp-att-11065\"><img loading=\"lazy\" decoding=\"async\" class=\"aligncenter size-large wp-image-11065\" src=\"https:\/\/hausen-aulatal.de\/wp-content\/uploads\/2019\/07\/Schutzh\u00fctte20190706-7-1024x576.jpg\" alt=\"\" width=\"720\" height=\"405\" srcset=\"https:\/\/hausen-aulatal.de\/wp-content\/uploads\/2019\/07\/Schutzh\u00fctte20190706-7-1024x576.jpg 1024w, https:\/\/hausen-aulatal.de\/wp-content\/uploads\/2019\/07\/Schutzh\u00fctte20190706-7-300x169.jpg 300w, https:\/\/hausen-aulatal.de\/wp-content\/uploads\/2019\/07\/Schutzh\u00fctte20190706-7-768x432.jpg 768w, https:\/\/hausen-aulatal.de\/wp-content\/uploads\/2019\/07\/Schutzh\u00fctte20190706-7.jpg 1328w\" sizes=\"(max-width: 720px) 100vw, 720px\" \/><\/a><a href=\"https:\/\/hausen-aulatal.de\/?attachment_id=11064\" rel=\"attachment wp-att-11064\"><img loading=\"lazy\" decoding=\"async\" class=\"aligncenter size-large wp-image-11064\" src=\"https:\/\/hausen-aulatal.de\/wp-content\/uploads\/2019\/07\/Schutzh\u00fctte-Feuerstelle20190706-4-1024x576.jpg\" alt=\"\" width=\"720\" height=\"405\" srcset=\"https:\/\/hausen-aulatal.de\/wp-content\/uploads\/2019\/07\/Schutzh\u00fctte-Feuerstelle20190706-4-1024x576.jpg 1024w, https:\/\/hausen-aulatal.de\/wp-content\/uploads\/2019\/07\/Schutzh\u00fctte-Feuerstelle20190706-4-300x169.jpg 300w, https:\/\/hausen-aulatal.de\/wp-content\/uploads\/2019\/07\/Schutzh\u00fctte-Feuerstelle20190706-4-768x432.jpg 768w, https:\/\/hausen-aulatal.de\/wp-content\/uploads\/2019\/07\/Schutzh\u00fctte-Feuerstelle20190706-4.jpg 1328w\" sizes=\"(max-width: 720px) 100vw, 720px\" \/><\/a><a href=\"https:\/\/hausen-aulatal.de\/wp-content\/uploads\/2019\/04\/Maibaumfest2019Plakat.png\"><img loading=\"lazy\" decoding=\"async\" class=\"aligncenter size-large wp-image-10371\" src=\"https:\/\/hausen-aulatal.de\/wp-content\/uploads\/2019\/04\/Maibaumfest2019Plakat-765x1024.png\" alt=\"Maibaumfest2019Plakat\" width=\"720\" height=\"963\" srcset=\"https:\/\/hausen-aulatal.de\/wp-content\/uploads\/2019\/04\/Maibaumfest2019Plakat-765x1024.png 765w, https:\/\/hausen-aulatal.de\/wp-content\/uploads\/2019\/04\/Maibaumfest2019Plakat-224x300.png 224w, https:\/\/hausen-aulatal.de\/wp-content\/uploads\/2019\/04\/Maibaumfest2019Plakat.png 824w\" sizes=\"(max-width: 720px) 100vw, 720px\" \/><\/a>Maibaum 2019 <a href=\"https:\/\/hausen-aulatal.de\/wp-content\/uploads\/2014\/03\/20190427_201356.jpg\"><img loading=\"lazy\" decoding=\"async\" class=\"aligncenter size-large wp-image-10626\" src=\"https:\/\/hausen-aulatal.de\/wp-content\/uploads\/2014\/03\/20190427_201356-320x1024.jpg\" alt=\"20190427_201356\" width=\"320\" height=\"1024\" srcset=\"https:\/\/hausen-aulatal.de\/wp-content\/uploads\/2014\/03\/20190427_201356-320x1024.jpg 320w, https:\/\/hausen-aulatal.de\/wp-content\/uploads\/2014\/03\/20190427_201356.jpg 459w\" sizes=\"(max-width: 320px) 100vw, 320px\" \/><\/a><a href=\"https:\/\/hausen-aulatal.de\/wp-content\/uploads\/2014\/03\/20190427_171513-2.jpg\"><img loading=\"lazy\" decoding=\"async\" class=\"aligncenter size-large wp-image-10625\" src=\"https:\/\/hausen-aulatal.de\/wp-content\/uploads\/2014\/03\/20190427_171513-2-499x1024.jpg\" alt=\"20190427_171513 (2)\" width=\"499\" height=\"1024\" srcset=\"https:\/\/hausen-aulatal.de\/wp-content\/uploads\/2014\/03\/20190427_171513-2-499x1024.jpg 499w, https:\/\/hausen-aulatal.de\/wp-content\/uploads\/2014\/03\/20190427_171513-2-146x300.jpg 146w\" sizes=\"(max-width: 499px) 100vw, 499px\" \/><\/a><\/p>\n<p style=\"text-align: left;\">Der Reservistenverein \u201eAlte Kameraden&#8220;, fr\u00fcher \u201eAlte K\u00e4mpfer&#8220; wurde am 05. April 1975 von 18 jungen Hausener \u201eGedienten&#8220; gegr\u00fcndet. Der Reservistenverein besteht aus ehemaligen oder noch im aktiven Dienst stehenden Angeh\u00f6rigen der Bundeswehr, des Bundesgrenzschutzes, der Polizei oder der ehemaligen Nationalen Volksarmee der DDR. Zweck des Vereins ist die Pflege der Kameradschaft, es werden aber auch Aufgaben zum Wohle der Allgemeinheit \u00fcbernommen.<\/p>\n<p>Der Verein hat derzeit eine St\u00e4rke von 40 Kameraden. Zu jedem Quartalsanfang wird eine Versammlung abgehalten. Zweimal im Jahr beteiligen sich die Mitglieder an der so genannten Revierpflege im Ort.<\/p>\n<p>Insbesondere hat der Reservistenverein sich die Aufgabe gestellt, die Schutzh\u00fctte am Golfplatz instand zu halten und f\u00fcr Ordnung und Sauberkeit zu sorgen.<\/p>\n<p>Seit 1992 stellt der Reservistenverein allj\u00e4hrlich zum Maibaumfest den Maibaum in der Dorfmitte auf. Auch die Montage der Weihnachtsbeleuchtung im Ort hat der Reservistenverein \u00fcbernommen. Ein Adventskranz wird in der Dorfmitte aufgestellt und beleuchtete Sterne werden an den Stra\u00dfenlampen installiert. Ein gro\u00dfer Adventsstern wurde im Jahre 2005 erstmalig an der Schutzh\u00fctte angebracht.<\/p>\n<p>Am 8. April 2000 feierte der Reservistenverein das 25-j\u00e4hrige Jubil\u00e4um mit einem gro\u00dfen Fest. Aus diesem Anlass brachte man an dem Maibaum Embleme der Hausener Vereinen an, um auf die Vielfalt des \u00f6rtlichen Vereinslebens hinzuweisen.<\/p>\n<p style=\"text-align: right; padding-left: 30px;\"><a href=\"https:\/\/hausen-aulatal.de\/wp-content\/uploads\/2014\/03\/Gasthaus-zur-Post.jpg\"><img loading=\"lazy\" decoding=\"async\" class=\" wp-image-617 alignleft\" src=\"https:\/\/hausen-aulatal.de\/wp-content\/uploads\/2014\/03\/Gasthaus-zur-Post-300x201.jpg\" alt=\"Gasthaus zur Post\" width=\"247\" height=\"166\" srcset=\"https:\/\/hausen-aulatal.de\/wp-content\/uploads\/2014\/03\/Gasthaus-zur-Post-300x201.jpg 300w, https:\/\/hausen-aulatal.de\/wp-content\/uploads\/2014\/03\/Gasthaus-zur-Post-1024x686.jpg 1024w, https:\/\/hausen-aulatal.de\/wp-content\/uploads\/2014\/03\/Gasthaus-zur-Post.jpg 1200w\" sizes=\"(max-width: 247px) 100vw, 247px\" \/><\/a><a href=\"https:\/\/hausen-aulatal.de\/wp-content\/uploads\/2014\/03\/Wetz.jpg\"><img loading=\"lazy\" decoding=\"async\" class=\"aligncenter wp-image-618\" src=\"https:\/\/hausen-aulatal.de\/wp-content\/uploads\/2014\/03\/Wetz-300x168.jpg\" alt=\"Wetz\" width=\"300\" height=\"167\" srcset=\"https:\/\/hausen-aulatal.de\/wp-content\/uploads\/2014\/03\/Wetz-300x168.jpg 300w, https:\/\/hausen-aulatal.de\/wp-content\/uploads\/2014\/03\/Wetz-1024x575.jpg 1024w\" sizes=\"(max-width: 300px) 100vw, 300px\" \/> <\/a><\/p>\n<p style=\"padding-left: 30px; text-align: left;\">\u00a0\u00a0\u00a0\u00a0\u00a0\u00a0\u00a0\u00a0\u00a0\u00a0 Foto aus dem Jahr 2000\u00a0\u00a0\u00a0\u00a0\u00a0\u00a0\u00a0\u00a0\u00a0\u00a0\u00a0\u00a0\u00a0\u00a0\u00a0\u00a0\u00a0\u00a0\u00a0\u00a0\u00a0\u00a0\u00a0\u00a0\u00a0 \u00a0 \u00a0 \u00a0 \u00a0 \u00a0 \u00a0 \u00a0 \u00a0 \u00a0 \u00a0 \u00a0 \u00a0\u00a0 \u00a0\u00a0\u00a0\u00a0\u00a0\u00a0\u00a0\u00a0\u00a0\u00a0 Foto aus dem Jahr 2010<\/p>\n<p style=\"text-align: right; padding-left: 30px;\"><a href=\"https:\/\/hausen-aulatal.de\/wp-content\/uploads\/2014\/03\/Wetz.jpg\">Im Jahr 2015 hat der Verein sein 40 j\u00e4hriges Jubil\u00e4um \u00a0 \u00a0 \u00a0 \u00a0 \u00a0\u00a0 \u00a0 \u00a0 \u00a0 \u00a0 \u00a0 \u00a0 \u00a0 \u00a0 \u00a0 \u00a0 \u00a0 \u00a0 \u00a0 \u00a0 \u00a0 \u00a0 \u00a0 \u00a0 \u00a0 \u00a0 \u00a0 \u00a0 \u00a0\u00a0 <\/a><\/p>\n<div id=\"attachment_4644\" style=\"width: 730px\" class=\"wp-caption aligncenter\"><a href=\"https:\/\/hausen-aulatal.de\/wp-content\/uploads\/2014\/03\/Gr\u00fcndungsmitglieder-1975.jpg\"><img loading=\"lazy\" decoding=\"async\" aria-describedby=\"caption-attachment-4644\" class=\"size-large wp-image-4644\" src=\"https:\/\/hausen-aulatal.de\/wp-content\/uploads\/2014\/03\/Gr\u00fcndungsmitglieder-1975-1024x789.jpg\" alt=\"Gr\u00fcndungsmitglieder 1975\" width=\"720\" height=\"554\" srcset=\"https:\/\/hausen-aulatal.de\/wp-content\/uploads\/2014\/03\/Gr\u00fcndungsmitglieder-1975-1024x789.jpg 1024w, https:\/\/hausen-aulatal.de\/wp-content\/uploads\/2014\/03\/Gr\u00fcndungsmitglieder-1975-300x231.jpg 300w, https:\/\/hausen-aulatal.de\/wp-content\/uploads\/2014\/03\/Gr\u00fcndungsmitglieder-1975.jpg 1972w\" sizes=\"(max-width: 720px) 100vw, 720px\" \/><\/a><p id=\"caption-attachment-4644\" class=\"wp-caption-text\">Gr\u00fcndungsmitglieder 1975<\/p><\/div>\n<p style=\"padding-left: 30px; text-align: left;\"><a href=\"https:\/\/hausen-aulatal.de\/wp-content\/uploads\/2014\/03\/Wetz.jpg\">Hintere Reihe: Uwe M\u00fcller, Willi Hofmann, Otto Nuhn, Herbert Hahl, Dieter Albert, G\u00fcnther Albert, Manfred Ballwanz<\/a><\/p>\n<p style=\"padding-left: 30px; text-align: left;\">Mittlere Reihe: Ulrich Allendorf, Wolfgang Ballwanz, Simon Hofmann, Ernst Plichta, Ewald Peter, Karl-Ludwig Pfalzgraf<\/p>\n<p style=\"padding-left: 30px; text-align: left;\">Vordere Reihe: Willi Geist, Manfred Diebel, Kurt Merle, Gerd Hofmann, Karl-Heinz Plichta<\/p>\n<table id=\"Tabelle_01\" border=\"0\" width=\"39\" cellspacing=\"0\" cellpadding=\"0\">\n<tbody>\n<tr>\n<td colspan=\"2\" valign=\"top\" width=\"546\" height=\"242\">\n<table border=\"0\" width=\"546\" cellspacing=\"0\" cellpadding=\"0\">\n<tbody>\n<tr>\n<td valign=\"top\"><a href=\"https:\/\/hausen-aulatal.de\/wp-content\/uploads\/2014\/03\/850-Jahr-Schild.jpg\"><img loading=\"lazy\" decoding=\"async\" class=\"aligncenter size-large wp-image-10345\" src=\"https:\/\/hausen-aulatal.de\/wp-content\/uploads\/2014\/03\/850-Jahr-Schild-1024x682.jpg\" alt=\"850 Jahr-Schild\" width=\"720\" height=\"479\" srcset=\"https:\/\/hausen-aulatal.de\/wp-content\/uploads\/2014\/03\/850-Jahr-Schild-1024x682.jpg 1024w, https:\/\/hausen-aulatal.de\/wp-content\/uploads\/2014\/03\/850-Jahr-Schild-300x199.jpg 300w, https:\/\/hausen-aulatal.de\/wp-content\/uploads\/2014\/03\/850-Jahr-Schild.jpg 2000w\" sizes=\"(max-width: 720px) 100vw, 720px\" \/><\/a> <a href=\"https:\/\/hausen-aulatal.de\/wp-content\/uploads\/2014\/03\/850.jpg.jpg\"><img loading=\"lazy\" decoding=\"async\" class=\"aligncenter size-large wp-image-10346\" src=\"https:\/\/hausen-aulatal.de\/wp-content\/uploads\/2014\/03\/850.jpg-1024x682.jpg\" alt=\"850.jpg\" width=\"720\" height=\"479\" srcset=\"https:\/\/hausen-aulatal.de\/wp-content\/uploads\/2014\/03\/850.jpg-1024x682.jpg 1024w, https:\/\/hausen-aulatal.de\/wp-content\/uploads\/2014\/03\/850.jpg-300x200.jpg 300w\" sizes=\"(max-width: 720px) 100vw, 720px\" \/><\/a><a href=\"https:\/\/hausen-aulatal.de\/wp-content\/uploads\/2014\/03\/DGH.jpg\"><img loading=\"lazy\" decoding=\"async\" class=\"aligncenter size-large wp-image-10348\" src=\"https:\/\/hausen-aulatal.de\/wp-content\/uploads\/2014\/03\/DGH-1024x717.jpg\" alt=\"DGH\" width=\"720\" height=\"504\" srcset=\"https:\/\/hausen-aulatal.de\/wp-content\/uploads\/2014\/03\/DGH-1024x717.jpg 1024w, https:\/\/hausen-aulatal.de\/wp-content\/uploads\/2014\/03\/DGH-300x210.jpg 300w, https:\/\/hausen-aulatal.de\/wp-content\/uploads\/2014\/03\/DGH.jpg 2020w\" sizes=\"(max-width: 720px) 100vw, 720px\" \/><\/a> <a href=\"https:\/\/hausen-aulatal.de\/wp-content\/uploads\/2014\/03\/Ehrenmahl1.jpg\"><img loading=\"lazy\" decoding=\"async\" class=\"aligncenter size-large wp-image-10349\" src=\"https:\/\/hausen-aulatal.de\/wp-content\/uploads\/2014\/03\/Ehrenmahl1-1024x682.jpg\" alt=\"Ehrenmahl\" width=\"720\" height=\"479\" srcset=\"https:\/\/hausen-aulatal.de\/wp-content\/uploads\/2014\/03\/Ehrenmahl1-1024x682.jpg 1024w, https:\/\/hausen-aulatal.de\/wp-content\/uploads\/2014\/03\/Ehrenmahl1-300x199.jpg 300w, https:\/\/hausen-aulatal.de\/wp-content\/uploads\/2014\/03\/Ehrenmahl1.jpg 2000w\" sizes=\"(max-width: 720px) 100vw, 720px\" \/><\/a> <a href=\"https:\/\/hausen-aulatal.de\/wp-content\/uploads\/2014\/03\/Garage.jpg\"><img loading=\"lazy\" decoding=\"async\" class=\"aligncenter size-large wp-image-10350\" src=\"https:\/\/hausen-aulatal.de\/wp-content\/uploads\/2014\/03\/Garage-1024x682.jpg\" alt=\"Garage\" width=\"720\" height=\"479\" srcset=\"https:\/\/hausen-aulatal.de\/wp-content\/uploads\/2014\/03\/Garage-1024x682.jpg 1024w, https:\/\/hausen-aulatal.de\/wp-content\/uploads\/2014\/03\/Garage-300x199.jpg 300w, https:\/\/hausen-aulatal.de\/wp-content\/uploads\/2014\/03\/Garage.jpg 2000w\" sizes=\"(max-width: 720px) 100vw, 720px\" \/><\/a> <a href=\"https:\/\/hausen-aulatal.de\/wp-content\/uploads\/2014\/03\/Golfplatz1.jpg\"><img loading=\"lazy\" decoding=\"async\" class=\"aligncenter size-large wp-image-10351\" src=\"https:\/\/hausen-aulatal.de\/wp-content\/uploads\/2014\/03\/Golfplatz1-1024x693.jpg\" alt=\"Golfplatz\" width=\"720\" height=\"487\" srcset=\"https:\/\/hausen-aulatal.de\/wp-content\/uploads\/2014\/03\/Golfplatz1-1024x693.jpg 1024w, https:\/\/hausen-aulatal.de\/wp-content\/uploads\/2014\/03\/Golfplatz1-300x203.jpg 300w\" sizes=\"(max-width: 720px) 100vw, 720px\" \/><\/a><\/td>\n<\/tr>\n<\/tbody>\n<\/table>\n<\/td>\n<\/tr>\n<\/tbody>\n<\/table>\n<p><span style=\"text-decoration: underline;\"><span style=\"color: #888888; text-decoration: underline;\"><b>Schutzh\u00fctte am Golfplatz\u00a0ist Fit f\u00fcr\u00a0G\u00e4ste!<\/b><\/span><\/span><\/p>\n<p><b>An alle\u00a0\u00a0 &#8211; Ausfl\u00fcgler<\/b><b> &#8211; Vereine<\/b><b> &#8211; Wanderer<\/b><b>\u00a0 &#8211; Naturliebhaber<\/b><b>\u00a0 &#8211; Feiereulen<\/b><\/p>\n<p><b>Hallo, ich bin die Schutzh\u00fctte am Golfplatz in Hausen.<\/b> <b>Endlich Fr\u00fchling und die ersten Maisonnenstrahlen kitzeln mir schon in der Nase.<\/b> <b>Ich wurde f\u00fcr die kommende Saison auch schon versch\u00f6nert. Der Rasen wurde gem\u00e4ht,<br \/>\ndie Hecke geschnitten, u.v.m. Aber ehrlich, h\u00e4tte ich das n\u00f6tig gehabt?<\/b>\u00a0<b><br \/>\nAber jetzt ist endlich Schlu\u00df mit der Langeweile.<\/b><b> <\/b>Ihr wisst ja, meine R\u00e4umlichkeiten kann man f\u00fcr<br \/>\nGeburtstagsfeiern, Jubil\u00e4en, Vereinstreffen, u.v.m. mieten.<b><br \/>\nWer Interesse hat soll sich bei meinem Kumpel melden.<\/b><br \/>\n<b><\/b><\/p>\n<h4><strong>Horst Klinger<br \/>\n<\/strong><\/h4>\n<h4><strong>Tel. 06628\/772541<\/strong><\/h4>\n<p><b>Geb\u00fchren ab 01.06.2018: Miete \u20ac 30,- pro Tag, Strom \u20ac 0,50 pro kWh Toilette \u20ac 5,-<br \/>\n(April-Oktober) pauschal, Kaution \u20ac 50,-<\/b><\/p>\n<p>Auch k\u00f6nnen Stehtische, B\u00e4nke und Tische g\u00fcnstig gemietet werden! Markus Allendorf 0173\/5327843<\/p>\n<p><img decoding=\"async\" src=\"https:\/\/hausen-aulatal.de\/wp-content\/uploads\/2022\/05\/Schutzhuette20220527.png\" \/><\/p>\n<p>Schutzh\u00fctte mit Feuerstelle<\/p>\n<p><a href=\"https:\/\/hausen-aulatal.de\/wp-content\/uploads\/2014\/03\/Ansicht-Hausen.jpg\"><img loading=\"lazy\" decoding=\"async\" class=\"size-large wp-image-10303 alignleft\" src=\"https:\/\/hausen-aulatal.de\/wp-content\/uploads\/2014\/03\/Ansicht-Hausen-1024x273.jpg\" alt=\"Ansicht Hausen\" width=\"720\" height=\"191\" srcset=\"https:\/\/hausen-aulatal.de\/wp-content\/uploads\/2014\/03\/Ansicht-Hausen-1024x273.jpg 1024w, https:\/\/hausen-aulatal.de\/wp-content\/uploads\/2014\/03\/Ansicht-Hausen-300x80.jpg 300w\" sizes=\"(max-width: 720px) 100vw, 720px\" \/><\/a><\/p>\n<p>&nbsp;<\/p>\n<p>&nbsp;<\/p>\n<p>&nbsp;<\/p>\n<p>&nbsp;<\/p>\n<p>&nbsp;<\/p>\n<p>Panoramablick von der Schutzh\u00fctte aus ins Aulatal<\/p>\n<p>&nbsp;<\/p>\n<p>&nbsp;<\/p>\n<p><strong>Reservistenverein &#8222;Alte Kameraden&#8220; Hausen<\/strong><\/p>\n<p>Kontakt:<\/p>\n<p>Gerd Neumann<\/p>\n<p>Olber\u00f6der Stra\u00dfe 2<\/p>\n<p>36280 Oberaula-Hausen<\/p>\n<p>Tel.:0160\/90262575<\/p>\n<p>E-Mail:\u00a0\u00a0\u00a0\u00a0\u00a0 <a href=\"mailto:thorsten.hoeck@gmx.de\" target=\"\" rel=\"noopener noreferrer\">gerd_katja@gmx.de<\/a><\/p>\n<p>HP\u00a0eingerichtet am: 08.02.2009 von J\u00f6rg Albert.<\/p>\n<p>HP Stillgelegt am: 19.06.2018 von J\u00f6rg Albert und auf Seite vom Heimatverein wegen Datenschutz eingerichtet.<\/p>\n<p>HP Aktuell 22.09.2019 durch J\u00f6rg Albert<\/p>\n<p>&nbsp;<\/p>\n<p>Eine aktive Zeit erleben die Mitglieder des Reservistenvereins in den letzten Wochen.<\/p>\n<p>Zum ersten wird die Toilettenanlage an der Grillh\u00fctte am Golfplatz in Hausen situationsbedingt erneuert.<\/p>\n<p>Federf\u00fchrend setzte sich Markus Allendorf hierf\u00fcr ein.<\/p>\n<p>Ein gro\u00dfes Dankesch\u00f6n aber auch an die Gemeinde, die die Materialien zur Verf\u00fcgung stellte und den Mitarbeitern des Bauhofes.<\/p>\n<p>Selbstverst\u00e4ndlich auch ein Dankesch\u00f6n an alle Mitglieder, die mit Hand anlegten.<\/p>\n<p>Fortsetzung folgt\u2026<\/p>\n<p>Parallel wurde ein neuer Maibaum besorgt. Die Vorarbeiten sind hier mit m\u00fchevollem Einsatz hervorzuheben.<\/p>\n<p>Das gesellige Wurstschie\u00dfen beendete die sehr aktive Zeit des Reservistenvereins.<\/p>\n<p>In diesem Sinne w\u00fcnschen wir allen B\u00fcrgerinnen und B\u00fcrgern ein frohes Osterfest und ein paar sch\u00f6ne Feiertage.<\/p>\n<p>Hausen, 13.04.2019<\/p>\n<div id=\"attachment_10489\" style=\"width: 1034px\" class=\"wp-caption aligncenter\"><a href=\"https:\/\/hausen-aulatal.de\/wp-content\/uploads\/2014\/03\/Bild-1-Vorher.jpg\"><img loading=\"lazy\" decoding=\"async\" aria-describedby=\"caption-attachment-10489\" class=\"size-full wp-image-10489\" src=\"https:\/\/hausen-aulatal.de\/wp-content\/uploads\/2014\/03\/Bild-1-Vorher.jpg\" alt=\"Vorher\" width=\"1024\" height=\"945\" srcset=\"https:\/\/hausen-aulatal.de\/wp-content\/uploads\/2014\/03\/Bild-1-Vorher.jpg 1024w, https:\/\/hausen-aulatal.de\/wp-content\/uploads\/2014\/03\/Bild-1-Vorher-300x276.jpg 300w\" sizes=\"(max-width: 1024px) 100vw, 1024px\" \/><\/a><p id=\"caption-attachment-10489\" class=\"wp-caption-text\">Vorher<\/p><\/div>\n<div id=\"attachment_10490\" style=\"width: 1034px\" class=\"wp-caption aligncenter\"><a href=\"https:\/\/hausen-aulatal.de\/wp-content\/uploads\/2014\/03\/Bild-2-Nachher.jpg\"><img loading=\"lazy\" decoding=\"async\" aria-describedby=\"caption-attachment-10490\" class=\"size-full wp-image-10490\" src=\"https:\/\/hausen-aulatal.de\/wp-content\/uploads\/2014\/03\/Bild-2-Nachher.jpg\" alt=\"Nachher\" width=\"1024\" height=\"778\" srcset=\"https:\/\/hausen-aulatal.de\/wp-content\/uploads\/2014\/03\/Bild-2-Nachher.jpg 1024w, https:\/\/hausen-aulatal.de\/wp-content\/uploads\/2014\/03\/Bild-2-Nachher-300x227.jpg 300w\" sizes=\"(max-width: 1024px) 100vw, 1024px\" \/><\/a><p id=\"caption-attachment-10490\" class=\"wp-caption-text\">Nachher<\/p><\/div>\n<div id=\"attachment_10491\" style=\"width: 624px\" class=\"wp-caption aligncenter\"><a href=\"https:\/\/hausen-aulatal.de\/wp-content\/uploads\/2014\/03\/Bild-3-Kanalisation.jpg\"><img loading=\"lazy\" decoding=\"async\" aria-describedby=\"caption-attachment-10491\" class=\"size-large wp-image-10491\" src=\"https:\/\/hausen-aulatal.de\/wp-content\/uploads\/2014\/03\/Bild-3-Kanalisation-614x1024.jpg\" alt=\"Kanalisation\" width=\"614\" height=\"1024\" srcset=\"https:\/\/hausen-aulatal.de\/wp-content\/uploads\/2014\/03\/Bild-3-Kanalisation-614x1024.jpg 614w, https:\/\/hausen-aulatal.de\/wp-content\/uploads\/2014\/03\/Bild-3-Kanalisation-179x300.jpg 179w, https:\/\/hausen-aulatal.de\/wp-content\/uploads\/2014\/03\/Bild-3-Kanalisation.jpg 1024w\" sizes=\"(max-width: 614px) 100vw, 614px\" \/><\/a><p id=\"caption-attachment-10491\" class=\"wp-caption-text\">Kanalisation<\/p><\/div>\n<div id=\"attachment_10492\" style=\"width: 730px\" class=\"wp-caption aligncenter\"><a href=\"https:\/\/hausen-aulatal.de\/wp-content\/uploads\/2014\/03\/Bild-4-Bauleiter-Markus-Allendorf-erkl\u00e4rt-den-flei\u00dfigen-Helfern-die-Details.jpg\"><img loading=\"lazy\" decoding=\"async\" aria-describedby=\"caption-attachment-10492\" class=\"size-large wp-image-10492\" src=\"https:\/\/hausen-aulatal.de\/wp-content\/uploads\/2014\/03\/Bild-4-Bauleiter-Markus-Allendorf-erkl\u00e4rt-den-flei\u00dfigen-Helfern-die-Details-1024x576.jpg\" alt=\"Bauleiter-Markus-Allendorf-erkl\u00e4rt-den-flei\u00dfigen-Helfern-die-Details\" width=\"720\" height=\"405\" srcset=\"https:\/\/hausen-aulatal.de\/wp-content\/uploads\/2014\/03\/Bild-4-Bauleiter-Markus-Allendorf-erkl\u00e4rt-den-flei\u00dfigen-Helfern-die-Details-1024x576.jpg 1024w, https:\/\/hausen-aulatal.de\/wp-content\/uploads\/2014\/03\/Bild-4-Bauleiter-Markus-Allendorf-erkl\u00e4rt-den-flei\u00dfigen-Helfern-die-Details-300x168.jpg 300w, https:\/\/hausen-aulatal.de\/wp-content\/uploads\/2014\/03\/Bild-4-Bauleiter-Markus-Allendorf-erkl\u00e4rt-den-flei\u00dfigen-Helfern-die-Details.jpg 1328w\" sizes=\"(max-width: 720px) 100vw, 720px\" \/><\/a><p id=\"caption-attachment-10492\" class=\"wp-caption-text\">Bauleiter-Markus-Allendorf-erkl\u00e4rt-den-flei\u00dfigen-Helfern-die-Details<\/p><\/div>\n<p><a href=\"https:\/\/hausen-aulatal.de\/wp-content\/uploads\/2014\/03\/Bild-5-Danach-gehtss-weiter.jpg\"><img loading=\"lazy\" decoding=\"async\" class=\"aligncenter size-large wp-image-10493\" src=\"https:\/\/hausen-aulatal.de\/wp-content\/uploads\/2014\/03\/Bild-5-Danach-gehtss-weiter-576x1024.jpg\" alt=\"Bild 5 - Danach gehts&#96;s weiter\" width=\"576\" height=\"1024\" srcset=\"https:\/\/hausen-aulatal.de\/wp-content\/uploads\/2014\/03\/Bild-5-Danach-gehtss-weiter-576x1024.jpg 576w, https:\/\/hausen-aulatal.de\/wp-content\/uploads\/2014\/03\/Bild-5-Danach-gehtss-weiter-168x300.jpg 168w, https:\/\/hausen-aulatal.de\/wp-content\/uploads\/2014\/03\/Bild-5-Danach-gehtss-weiter.jpg 1024w\" sizes=\"(max-width: 576px) 100vw, 576px\" \/><\/a><\/p>\n<div id=\"attachment_10494\" style=\"width: 730px\" class=\"wp-caption aligncenter\"><a href=\"https:\/\/hausen-aulatal.de\/wp-content\/uploads\/2014\/03\/Bild-6-Viel-Arbeit-macht-das-Sch\u00e4len-des-Maibaums.-Gerd-Neumann-blieb-nichts-anderes-\u00fcbrig-als-zu-l\u00e4cheln.jpg\"><img loading=\"lazy\" decoding=\"async\" aria-describedby=\"caption-attachment-10494\" class=\"size-large wp-image-10494\" src=\"https:\/\/hausen-aulatal.de\/wp-content\/uploads\/2014\/03\/Bild-6-Viel-Arbeit-macht-das-Sch\u00e4len-des-Maibaums.-Gerd-Neumann-blieb-nichts-anderes-\u00fcbrig-als-zu-l\u00e4cheln-768x1024.jpg\" alt=\"Viel-Arbeit-macht-das-Sch\u00e4len-des-Maibaums.-Gerd Neumann-blieb-nichts-anderes-\u00fcbrig-als-zu-l\u00e4cheln\" width=\"720\" height=\"960\" srcset=\"https:\/\/hausen-aulatal.de\/wp-content\/uploads\/2014\/03\/Bild-6-Viel-Arbeit-macht-das-Sch\u00e4len-des-Maibaums.-Gerd-Neumann-blieb-nichts-anderes-\u00fcbrig-als-zu-l\u00e4cheln-768x1024.jpg 768w, https:\/\/hausen-aulatal.de\/wp-content\/uploads\/2014\/03\/Bild-6-Viel-Arbeit-macht-das-Sch\u00e4len-des-Maibaums.-Gerd-Neumann-blieb-nichts-anderes-\u00fcbrig-als-zu-l\u00e4cheln-225x300.jpg 225w, https:\/\/hausen-aulatal.de\/wp-content\/uploads\/2014\/03\/Bild-6-Viel-Arbeit-macht-das-Sch\u00e4len-des-Maibaums.-Gerd-Neumann-blieb-nichts-anderes-\u00fcbrig-als-zu-l\u00e4cheln.jpg 1200w\" sizes=\"(max-width: 720px) 100vw, 720px\" \/><\/a><p id=\"caption-attachment-10494\" class=\"wp-caption-text\">Viel-Arbeit-macht-das-Sch\u00e4len-des-Maibaums.-Gerd Neumann-blieb-nichts-anderes-\u00fcbrig-als-zu-l\u00e4cheln<\/p><\/div>\n<div id=\"attachment_10495\" style=\"width: 730px\" class=\"wp-caption aligncenter\"><a href=\"https:\/\/hausen-aulatal.de\/wp-content\/uploads\/2014\/03\/Bild-7-Im-Einsatz.jpg\"><img loading=\"lazy\" decoding=\"async\" aria-describedby=\"caption-attachment-10495\" class=\"size-large wp-image-10495\" src=\"https:\/\/hausen-aulatal.de\/wp-content\/uploads\/2014\/03\/Bild-7-Im-Einsatz-768x1024.jpg\" alt=\"Im Einsatz\" width=\"720\" height=\"960\" srcset=\"https:\/\/hausen-aulatal.de\/wp-content\/uploads\/2014\/03\/Bild-7-Im-Einsatz-768x1024.jpg 768w, https:\/\/hausen-aulatal.de\/wp-content\/uploads\/2014\/03\/Bild-7-Im-Einsatz-225x300.jpg 225w, https:\/\/hausen-aulatal.de\/wp-content\/uploads\/2014\/03\/Bild-7-Im-Einsatz.jpg 1200w\" sizes=\"(max-width: 720px) 100vw, 720px\" \/><\/a><p id=\"caption-attachment-10495\" class=\"wp-caption-text\">Im Einsatz<\/p><\/div>\n<div id=\"attachment_10496\" style=\"width: 730px\" class=\"wp-caption aligncenter\"><a href=\"https:\/\/hausen-aulatal.de\/wp-content\/uploads\/2014\/03\/Bild-8-Keine-Angst-das-ist-nicht-der-Wurstk\u00f6nig.-Die-W\u00fcrste-dienen-zur-Verk\u00f6stigung-beim-Arbeitseinsatz-an-der-Grillh\u00fctte.jpg\"><img loading=\"lazy\" decoding=\"async\" aria-describedby=\"caption-attachment-10496\" class=\"size-large wp-image-10496\" src=\"https:\/\/hausen-aulatal.de\/wp-content\/uploads\/2014\/03\/Bild-8-Keine-Angst-das-ist-nicht-der-Wurstk\u00f6nig.-Die-W\u00fcrste-dienen-zur-Verk\u00f6stigung-beim-Arbeitseinsatz-an-der-Grillh\u00fctte-768x1024.jpg\" alt=\"Keine-Angst-das-ist-nicht-der-Wurstk\u00f6nig.-Die-W\u00fcrste-dienen-zur-Verk\u00f6stigung-beim-Arbeitseinsatz-an-der-Grillh\u00fctte\" width=\"720\" height=\"960\" srcset=\"https:\/\/hausen-aulatal.de\/wp-content\/uploads\/2014\/03\/Bild-8-Keine-Angst-das-ist-nicht-der-Wurstk\u00f6nig.-Die-W\u00fcrste-dienen-zur-Verk\u00f6stigung-beim-Arbeitseinsatz-an-der-Grillh\u00fctte-768x1024.jpg 768w, https:\/\/hausen-aulatal.de\/wp-content\/uploads\/2014\/03\/Bild-8-Keine-Angst-das-ist-nicht-der-Wurstk\u00f6nig.-Die-W\u00fcrste-dienen-zur-Verk\u00f6stigung-beim-Arbeitseinsatz-an-der-Grillh\u00fctte-225x300.jpg 225w, https:\/\/hausen-aulatal.de\/wp-content\/uploads\/2014\/03\/Bild-8-Keine-Angst-das-ist-nicht-der-Wurstk\u00f6nig.-Die-W\u00fcrste-dienen-zur-Verk\u00f6stigung-beim-Arbeitseinsatz-an-der-Grillh\u00fctte.jpg 1024w\" sizes=\"(max-width: 720px) 100vw, 720px\" \/><\/a><p id=\"caption-attachment-10496\" class=\"wp-caption-text\">Keine-Angst-das-ist-nicht-der-Wurstk\u00f6nig.-Die-W\u00fcrste-dienen-zur-Verk\u00f6stigung-beim-Arbeitseinsatz-an-der-Grillh\u00fctte<\/p><\/div>\n<p>&nbsp;<\/p>\n<table id=\"Tabelle_01\" border=\"0\" width=\"24\" cellspacing=\"0\" cellpadding=\"0\">\n<tbody>\n<tr>\n<td colspan=\"2\" valign=\"top\" width=\"546\" height=\"242\"><a href=\"https:\/\/hausen-aulatal.de\/wp-content\/uploads\/2014\/03\/Maibaum-stehend.jpg\"><img loading=\"lazy\" decoding=\"async\" src=\"https:\/\/hausen-aulatal.de\/wp-content\/uploads\/2014\/03\/Maibaum-stehend-431x1024.jpg\" alt=\"Maibaum stehend\" width=\"431\" height=\"1024\" \/><\/a><\/td>\n<td colspan=\"2\" valign=\"top\"><\/td>\n<td width=\"1\" height=\"242\"><\/td>\n<\/tr>\n<tr>\n<td colspan=\"10\"><a href=\"https:\/\/hausen-aulatal.de\/wp-content\/uploads\/2014\/03\/Maibaum-liegend.jpg\"><img loading=\"lazy\" decoding=\"async\" class=\"aligncenter size-large wp-image-10323\" src=\"https:\/\/hausen-aulatal.de\/wp-content\/uploads\/2014\/03\/Maibaum-liegend-576x1024.jpg\" alt=\"Maibaum liegend\" width=\"576\" height=\"1024\" srcset=\"https:\/\/hausen-aulatal.de\/wp-content\/uploads\/2014\/03\/Maibaum-liegend-576x1024.jpg 576w, https:\/\/hausen-aulatal.de\/wp-content\/uploads\/2014\/03\/Maibaum-liegend-168x300.jpg 168w, https:\/\/hausen-aulatal.de\/wp-content\/uploads\/2014\/03\/Maibaum-liegend.jpg 1500w\" sizes=\"(max-width: 576px) 100vw, 576px\" \/><\/a> <a href=\"https:\/\/hausen-aulatal.de\/wp-content\/uploads\/2014\/03\/Maibaum-ist-Best\u251c\u255dckt-und-bereit.jpg\"><img loading=\"lazy\" decoding=\"async\" class=\"aligncenter size-large wp-image-10324\" src=\"https:\/\/hausen-aulatal.de\/wp-content\/uploads\/2014\/03\/Maibaum-ist-Best\u251c\u255dckt-und-bereit.jpg\" alt=\"Maibaum ist Best\u251c\u255dckt und bereit\" width=\"720\" height=\"209\" srcset=\"https:\/\/hausen-aulatal.de\/wp-content\/uploads\/2014\/03\/Maibaum-ist-Best\u251c\u255dckt-und-bereit.jpg 1020w, https:\/\/hausen-aulatal.de\/wp-content\/uploads\/2014\/03\/Maibaum-ist-Best\u251c\u255dckt-und-bereit-300x87.jpg 300w\" sizes=\"(max-width: 720px) 100vw, 720px\" \/><\/a> <a href=\"https:\/\/hausen-aulatal.de\/wp-content\/uploads\/2014\/03\/Maibaum-2009-1.jpg\"><img loading=\"lazy\" decoding=\"async\" class=\"aligncenter size-large wp-image-10325\" src=\"https:\/\/hausen-aulatal.de\/wp-content\/uploads\/2014\/03\/Maibaum-2009-1-1024x768.jpg\" alt=\"Maibaum 2009-1\" width=\"720\" height=\"540\" srcset=\"https:\/\/hausen-aulatal.de\/wp-content\/uploads\/2014\/03\/Maibaum-2009-1-1024x768.jpg 1024w, https:\/\/hausen-aulatal.de\/wp-content\/uploads\/2014\/03\/Maibaum-2009-1-300x225.jpg 300w\" sizes=\"(max-width: 720px) 100vw, 720px\" \/><\/a> <a href=\"https:\/\/hausen-aulatal.de\/wp-content\/uploads\/2014\/03\/Maibaumtrupp.jpg\"><img loading=\"lazy\" decoding=\"async\" class=\"aligncenter size-large wp-image-10326\" src=\"https:\/\/hausen-aulatal.de\/wp-content\/uploads\/2014\/03\/Maibaumtrupp-1024x694.jpg\" alt=\"Maibaumtrupp\" width=\"720\" height=\"487\" srcset=\"https:\/\/hausen-aulatal.de\/wp-content\/uploads\/2014\/03\/Maibaumtrupp-1024x694.jpg 1024w, https:\/\/hausen-aulatal.de\/wp-content\/uploads\/2014\/03\/Maibaumtrupp-300x203.jpg 300w, https:\/\/hausen-aulatal.de\/wp-content\/uploads\/2014\/03\/Maibaumtrupp.jpg 1500w\" sizes=\"(max-width: 720px) 100vw, 720px\" \/><\/a><a href=\"https:\/\/hausen-aulatal.de\/wp-content\/uploads\/2014\/03\/2012-04-30-18.48.39.jpg\"><img loading=\"lazy\" decoding=\"async\" class=\"aligncenter size-large wp-image-10339\" src=\"https:\/\/hausen-aulatal.de\/wp-content\/uploads\/2014\/03\/2012-04-30-18.48.39-492x1024.jpg\" alt=\"2012-04-30 18.48.39\" width=\"492\" height=\"1024\" srcset=\"https:\/\/hausen-aulatal.de\/wp-content\/uploads\/2014\/03\/2012-04-30-18.48.39-492x1024.jpg 492w, https:\/\/hausen-aulatal.de\/wp-content\/uploads\/2014\/03\/2012-04-30-18.48.39-144x300.jpg 144w\" sizes=\"(max-width: 492px) 100vw, 492px\" \/><\/a> <a href=\"https:\/\/hausen-aulatal.de\/wp-content\/uploads\/2014\/03\/2012-04-30-18.28.15.jpg\"><img loading=\"lazy\" decoding=\"async\" class=\"aligncenter size-large wp-image-10340\" src=\"https:\/\/hausen-aulatal.de\/wp-content\/uploads\/2014\/03\/2012-04-30-18.28.15-1024x768.jpg\" alt=\"2012-04-30 18.28.15\" width=\"720\" height=\"540\" srcset=\"https:\/\/hausen-aulatal.de\/wp-content\/uploads\/2014\/03\/2012-04-30-18.28.15-1024x768.jpg 1024w, https:\/\/hausen-aulatal.de\/wp-content\/uploads\/2014\/03\/2012-04-30-18.28.15-300x225.jpg 300w\" sizes=\"(max-width: 720px) 100vw, 720px\" \/><\/a> <a href=\"https:\/\/hausen-aulatal.de\/wp-content\/uploads\/2014\/03\/2016-Theke.jpg\"><img loading=\"lazy\" decoding=\"async\" class=\"aligncenter size-large wp-image-10341\" src=\"https:\/\/hausen-aulatal.de\/wp-content\/uploads\/2014\/03\/2016-Theke-1024x777.jpg\" alt=\"2016 Theke\" width=\"720\" height=\"546\" srcset=\"https:\/\/hausen-aulatal.de\/wp-content\/uploads\/2014\/03\/2016-Theke-1024x777.jpg 1024w, https:\/\/hausen-aulatal.de\/wp-content\/uploads\/2014\/03\/2016-Theke-300x227.jpg 300w, https:\/\/hausen-aulatal.de\/wp-content\/uploads\/2014\/03\/2016-Theke.jpg 1500w\" sizes=\"(max-width: 720px) 100vw, 720px\" \/><\/a><\/td>\n<td width=\"1\" height=\"17\"><\/td>\n<\/tr>\n<tr>\n<td colspan=\"5\" rowspan=\"2\"><\/td>\n<td colspan=\"2\"><\/td>\n<td colspan=\"3\" rowspan=\"2\"><\/td>\n<td width=\"1\" height=\"33\"><\/td>\n<\/tr>\n<tr>\n<td colspan=\"2\"><\/td>\n<td width=\"1\" height=\"74\"><\/td>\n<\/tr>\n<tr>\n<td width=\"43\" height=\"1\"><\/td>\n<td width=\"197\" height=\"1\"><\/td>\n<td width=\"5\" height=\"1\"><\/td>\n<td width=\"29\" height=\"1\"><\/td>\n<td width=\"22\" height=\"1\"><\/td>\n<td width=\"4\" height=\"1\"><\/td>\n<td width=\"29\" height=\"1\"><\/td>\n<td width=\"517\" height=\"1\"><\/td>\n<\/tr>\n<\/tbody>\n<\/table>\n<table>\n<tbody>\n<tr>\n<td><\/td>\n<td><\/td>\n<\/tr>\n<\/tbody>\n<\/table>\n<table>\n<tbody>\n<tr>\n<td><\/td>\n<td><\/td>\n<\/tr>\n<tr>\n<td><\/td>\n<td><\/td>\n<\/tr>\n<tr>\n<td><\/td>\n<td><\/td>\n<\/tr>\n<\/tbody>\n<\/table>\n<table>\n<tbody>\n<tr>\n<td><\/td>\n<td><\/td>\n<\/tr>\n<tr>\n<td><\/td>\n<td><\/td>\n<\/tr>\n<\/tbody>\n<\/table>\n<p><a href=\"https:\/\/hausen-aulatal.de\/?p=3695\" target=\"\" rel=\"noopener noreferrer\"><b>28. Maibaumfest in Hausen<\/b><\/a><\/p>\n<p>Auch in 2019 veranstaltete der Hausener Reservistenverein am 1. Mai, dass bereits traditionell gewordene Maibaumfest.<\/p>\n<p>Mit vereinten Kr\u00e4ften wird der pr\u00e4chtige Maibaum mit den Vereinsschildern am \u201eMaibaumplatz\u201c routiniert in der Ortsmitte am 30. April ab ca. 18:00 Uhr aufgestellt. Anschlie\u00dfend wird im Zelt auf dem Hof von Ulli Allendorf in den Mai gefeiert.<br \/>\nP\u00fcnktlich um 11 Uhr startet das Maibaumfest mit einem Fr\u00fchschoppen. Ab 14 Uhr reicht der Frauentreff selbstgebackenen Kuchen und andere K\u00f6stlichkeiten zum Kaffee, bevor es beim \u201cNageln und Blasen\u201d ab 15 Uhr f\u00fcr Jung und Alt um Geschicklichkeit und Preise geht.<br \/>\nIm Jahr 2015 stelleten sich das Team der Skatfreunde mit J\u00fcrgen und Erwin bei herrlichem Turnier-Wetter am geschicktesten an. Dicht gefolgt vom Team D\u00f6rnberg mit Claire und Caspar und dem Team Reservisten 1 mit Willi und Hartmut.<br \/>\nFazit: Es ist immer wieder was los bei den Festen in Hausen.<\/p>\n<table>\n<tbody>\n<tr>\n<td><a href=\"https:\/\/hausen-aulatal.de\/wp-content\/uploads\/2014\/03\/Erwin-J\u251c\u255drgen.jpg\"><img loading=\"lazy\" decoding=\"async\" class=\"aligncenter size-full wp-image-10321\" src=\"https:\/\/hausen-aulatal.de\/wp-content\/uploads\/2014\/03\/Erwin-J\u251c\u255drgen.jpg\" alt=\"Erwin-J\u251c\u255drgen\" width=\"640\" height=\"480\" srcset=\"https:\/\/hausen-aulatal.de\/wp-content\/uploads\/2014\/03\/Erwin-J\u251c\u255drgen.jpg 640w, https:\/\/hausen-aulatal.de\/wp-content\/uploads\/2014\/03\/Erwin-J\u251c\u255drgen-300x225.jpg 300w\" sizes=\"(max-width: 640px) 100vw, 640px\" \/><\/a><\/td>\n<td><\/td>\n<\/tr>\n<tr>\n<td><\/td>\n<td><\/td>\n<\/tr>\n<\/tbody>\n<\/table>\n<table>\n<tbody>\n<tr>\n<td><\/td>\n<td><\/td>\n<\/tr>\n<tr>\n<td><\/td>\n<td><\/td>\n<\/tr>\n<\/tbody>\n<\/table>\n<p>&nbsp;<\/p>\n<p>Am 15.12.2018 wurde\u00a0auf der Jahreshauptversammlung im Gasthaus &#8222;Zur Post&#8220; in Hausen ein neuer Vorstand gew\u00e4hlt!<\/p>\n<p>1. Vorsitzender\u00a0 Gerd Neumann<\/p>\n<p>2. Vorsitzender Ilja R\u00fchl<\/p>\n<p>3. Vorsitzender Dirk Fleischmann<\/p>\n<p>Wir Danken Markus Allendorf f\u00fcr seine Vorstandsarbeit!<\/p>\n<p>&nbsp;<\/p>\n<p>Vatertag 2012<\/p>\n<p><a href=\"https:\/\/hausen-aulatal.de\/wp-content\/uploads\/2014\/03\/2012-05-17-13.56.46.jpg\"><img loading=\"lazy\" decoding=\"async\" class=\"aligncenter size-large wp-image-10313\" src=\"https:\/\/hausen-aulatal.de\/wp-content\/uploads\/2014\/03\/2012-05-17-13.56.46-1024x768.jpg\" alt=\"2012-05-17 13.56.46\" width=\"720\" height=\"540\" srcset=\"https:\/\/hausen-aulatal.de\/wp-content\/uploads\/2014\/03\/2012-05-17-13.56.46-1024x768.jpg 1024w, https:\/\/hausen-aulatal.de\/wp-content\/uploads\/2014\/03\/2012-05-17-13.56.46-300x225.jpg 300w\" sizes=\"(max-width: 720px) 100vw, 720px\" \/><\/a> <a href=\"https:\/\/hausen-aulatal.de\/wp-content\/uploads\/2014\/03\/2012-05-17-13.56.52.jpg\"><img loading=\"lazy\" decoding=\"async\" class=\"aligncenter size-large wp-image-10314\" src=\"https:\/\/hausen-aulatal.de\/wp-content\/uploads\/2014\/03\/2012-05-17-13.56.52-1024x768.jpg\" alt=\"2012-05-17 13.56.52\" width=\"720\" height=\"540\" srcset=\"https:\/\/hausen-aulatal.de\/wp-content\/uploads\/2014\/03\/2012-05-17-13.56.52-1024x768.jpg 1024w, https:\/\/hausen-aulatal.de\/wp-content\/uploads\/2014\/03\/2012-05-17-13.56.52-300x225.jpg 300w\" sizes=\"(max-width: 720px) 100vw, 720px\" \/><\/a> <a href=\"https:\/\/hausen-aulatal.de\/wp-content\/uploads\/2014\/03\/2012-05-17-15.35.35.jpg\"><img loading=\"lazy\" decoding=\"async\" class=\"aligncenter size-large wp-image-10315\" src=\"https:\/\/hausen-aulatal.de\/wp-content\/uploads\/2014\/03\/2012-05-17-15.35.35-1024x768.jpg\" alt=\"2012-05-17 15.35.35\" width=\"720\" height=\"540\" srcset=\"https:\/\/hausen-aulatal.de\/wp-content\/uploads\/2014\/03\/2012-05-17-15.35.35-1024x768.jpg 1024w, https:\/\/hausen-aulatal.de\/wp-content\/uploads\/2014\/03\/2012-05-17-15.35.35-300x225.jpg 300w\" sizes=\"(max-width: 720px) 100vw, 720px\" \/><\/a> <a href=\"https:\/\/hausen-aulatal.de\/wp-content\/uploads\/2014\/03\/2012-05-17-15.36.09.jpg\"><img loading=\"lazy\" decoding=\"async\" class=\"aligncenter size-large wp-image-10316\" src=\"https:\/\/hausen-aulatal.de\/wp-content\/uploads\/2014\/03\/2012-05-17-15.36.09-1024x768.jpg\" alt=\"2012-05-17 15.36.09\" width=\"720\" height=\"540\" srcset=\"https:\/\/hausen-aulatal.de\/wp-content\/uploads\/2014\/03\/2012-05-17-15.36.09-1024x768.jpg 1024w, https:\/\/hausen-aulatal.de\/wp-content\/uploads\/2014\/03\/2012-05-17-15.36.09-300x225.jpg 300w\" sizes=\"(max-width: 720px) 100vw, 720px\" \/><\/a> <a href=\"https:\/\/hausen-aulatal.de\/wp-content\/uploads\/2014\/03\/2012-05-17-16.51.39.jpg\"><img loading=\"lazy\" decoding=\"async\" class=\"aligncenter size-large wp-image-10317\" src=\"https:\/\/hausen-aulatal.de\/wp-content\/uploads\/2014\/03\/2012-05-17-16.51.39-1024x768.jpg\" alt=\"2012-05-17 16.51.39\" width=\"720\" height=\"540\" srcset=\"https:\/\/hausen-aulatal.de\/wp-content\/uploads\/2014\/03\/2012-05-17-16.51.39-1024x768.jpg 1024w, https:\/\/hausen-aulatal.de\/wp-content\/uploads\/2014\/03\/2012-05-17-16.51.39-300x225.jpg 300w\" sizes=\"(max-width: 720px) 100vw, 720px\" \/><\/a> <a href=\"https:\/\/hausen-aulatal.de\/wp-content\/uploads\/2014\/03\/2012-05-17-11.48.55.jpg\"><img loading=\"lazy\" decoding=\"async\" class=\"aligncenter size-large wp-image-10318\" src=\"https:\/\/hausen-aulatal.de\/wp-content\/uploads\/2014\/03\/2012-05-17-11.48.55-1024x768.jpg\" alt=\"2012-05-17 11.48.55\" width=\"720\" height=\"540\" srcset=\"https:\/\/hausen-aulatal.de\/wp-content\/uploads\/2014\/03\/2012-05-17-11.48.55-1024x768.jpg 1024w, https:\/\/hausen-aulatal.de\/wp-content\/uploads\/2014\/03\/2012-05-17-11.48.55-300x225.jpg 300w\" sizes=\"(max-width: 720px) 100vw, 720px\" \/><\/a> <a href=\"https:\/\/hausen-aulatal.de\/wp-content\/uploads\/2014\/03\/2012-05-17-11.49.56.jpg\"><img loading=\"lazy\" decoding=\"async\" class=\"aligncenter size-large wp-image-10319\" src=\"https:\/\/hausen-aulatal.de\/wp-content\/uploads\/2014\/03\/2012-05-17-11.49.56-1024x768.jpg\" alt=\"2012-05-17 11.49.56\" width=\"720\" height=\"540\" srcset=\"https:\/\/hausen-aulatal.de\/wp-content\/uploads\/2014\/03\/2012-05-17-11.49.56-1024x768.jpg 1024w, https:\/\/hausen-aulatal.de\/wp-content\/uploads\/2014\/03\/2012-05-17-11.49.56-300x225.jpg 300w\" sizes=\"(max-width: 720px) 100vw, 720px\" \/><\/a> <a href=\"https:\/\/hausen-aulatal.de\/wp-content\/uploads\/2014\/03\/2012-05-17-13.56.41.jpg\"><img loading=\"lazy\" decoding=\"async\" class=\"aligncenter size-large wp-image-10320\" src=\"https:\/\/hausen-aulatal.de\/wp-content\/uploads\/2014\/03\/2012-05-17-13.56.41-1024x768.jpg\" alt=\"2012-05-17 13.56.41\" width=\"720\" height=\"540\" srcset=\"https:\/\/hausen-aulatal.de\/wp-content\/uploads\/2014\/03\/2012-05-17-13.56.41-1024x768.jpg 1024w, https:\/\/hausen-aulatal.de\/wp-content\/uploads\/2014\/03\/2012-05-17-13.56.41-300x225.jpg 300w\" sizes=\"(max-width: 720px) 100vw, 720px\" \/><\/a><\/p>\n<p>&nbsp;<\/p>\n<p>2011 Vatertag am Christer\u00f6der Wasserfall!<\/p>\n<p><a href=\"https:\/\/hausen-aulatal.de\/wp-content\/uploads\/2014\/03\/100_8788.jpg\"><img loading=\"lazy\" decoding=\"async\" class=\"aligncenter size-large wp-image-10304\" src=\"https:\/\/hausen-aulatal.de\/wp-content\/uploads\/2014\/03\/100_8788-1024x768.jpg\" alt=\"100_8788\" width=\"720\" height=\"540\" srcset=\"https:\/\/hausen-aulatal.de\/wp-content\/uploads\/2014\/03\/100_8788-1024x768.jpg 1024w, https:\/\/hausen-aulatal.de\/wp-content\/uploads\/2014\/03\/100_8788-300x225.jpg 300w\" sizes=\"(max-width: 720px) 100vw, 720px\" \/><\/a> <a href=\"https:\/\/hausen-aulatal.de\/wp-content\/uploads\/2014\/03\/100_8791.jpg\"><img loading=\"lazy\" decoding=\"async\" class=\"aligncenter size-large wp-image-10305\" src=\"https:\/\/hausen-aulatal.de\/wp-content\/uploads\/2014\/03\/100_8791-1024x768.jpg\" alt=\"100_8791\" width=\"720\" height=\"540\" srcset=\"https:\/\/hausen-aulatal.de\/wp-content\/uploads\/2014\/03\/100_8791-1024x768.jpg 1024w, https:\/\/hausen-aulatal.de\/wp-content\/uploads\/2014\/03\/100_8791-300x225.jpg 300w\" sizes=\"(max-width: 720px) 100vw, 720px\" \/><\/a> <a href=\"https:\/\/hausen-aulatal.de\/wp-content\/uploads\/2014\/03\/100_8802.jpg\"><img loading=\"lazy\" decoding=\"async\" class=\"aligncenter size-large wp-image-10306\" src=\"https:\/\/hausen-aulatal.de\/wp-content\/uploads\/2014\/03\/100_8802-1024x768.jpg\" alt=\"100_8802\" width=\"720\" height=\"540\" srcset=\"https:\/\/hausen-aulatal.de\/wp-content\/uploads\/2014\/03\/100_8802-1024x768.jpg 1024w, https:\/\/hausen-aulatal.de\/wp-content\/uploads\/2014\/03\/100_8802-300x225.jpg 300w\" sizes=\"(max-width: 720px) 100vw, 720px\" \/><\/a> <a href=\"https:\/\/hausen-aulatal.de\/wp-content\/uploads\/2014\/03\/100_8784.jpg\"><img loading=\"lazy\" decoding=\"async\" class=\"aligncenter size-large wp-image-10307\" src=\"https:\/\/hausen-aulatal.de\/wp-content\/uploads\/2014\/03\/100_8784-1024x768.jpg\" alt=\"100_8784\" width=\"720\" height=\"540\" srcset=\"https:\/\/hausen-aulatal.de\/wp-content\/uploads\/2014\/03\/100_8784-1024x768.jpg 1024w, https:\/\/hausen-aulatal.de\/wp-content\/uploads\/2014\/03\/100_8784-300x225.jpg 300w\" sizes=\"(max-width: 720px) 100vw, 720px\" \/><\/a><\/p>\n<p>&nbsp;<\/p>\n<p><b>Schlachtebuffet Wei\u00dfenborn<\/b><\/p>\n<p><a href=\"https:\/\/hausen-aulatal.de\/wp-content\/uploads\/2014\/03\/100_7901.jpg\"><img loading=\"lazy\" decoding=\"async\" class=\"aligncenter size-large wp-image-10308\" src=\"https:\/\/hausen-aulatal.de\/wp-content\/uploads\/2014\/03\/100_7901-1024x768.jpg\" alt=\"100_7901\" width=\"720\" height=\"540\" srcset=\"https:\/\/hausen-aulatal.de\/wp-content\/uploads\/2014\/03\/100_7901-1024x768.jpg 1024w, https:\/\/hausen-aulatal.de\/wp-content\/uploads\/2014\/03\/100_7901-300x225.jpg 300w\" sizes=\"(max-width: 720px) 100vw, 720px\" \/><\/a> <a href=\"https:\/\/hausen-aulatal.de\/wp-content\/uploads\/2014\/03\/100_7900.jpg\"><img loading=\"lazy\" decoding=\"async\" class=\"aligncenter size-large wp-image-10309\" src=\"https:\/\/hausen-aulatal.de\/wp-content\/uploads\/2014\/03\/100_7900-1024x768.jpg\" alt=\"100_7900\" width=\"720\" height=\"540\" srcset=\"https:\/\/hausen-aulatal.de\/wp-content\/uploads\/2014\/03\/100_7900-1024x768.jpg 1024w, https:\/\/hausen-aulatal.de\/wp-content\/uploads\/2014\/03\/100_7900-300x225.jpg 300w\" sizes=\"(max-width: 720px) 100vw, 720px\" \/><\/a><\/p>\n<p><strong>Kirmesaufritte <\/strong>(es war einmal)<strong><a href=\"https:\/\/hausen-aulatal.de\/wp-content\/uploads\/2014\/03\/2009.07.16-Dorfabend.jpg\"><img loading=\"lazy\" decoding=\"async\" class=\"aligncenter size-large wp-image-10310\" src=\"https:\/\/hausen-aulatal.de\/wp-content\/uploads\/2014\/03\/2009.07.16-Dorfabend-1024x768.jpg\" alt=\"2009.07.16 Dorfabend\" width=\"720\" height=\"540\" srcset=\"https:\/\/hausen-aulatal.de\/wp-content\/uploads\/2014\/03\/2009.07.16-Dorfabend-1024x768.jpg 1024w, https:\/\/hausen-aulatal.de\/wp-content\/uploads\/2014\/03\/2009.07.16-Dorfabend-300x225.jpg 300w, https:\/\/hausen-aulatal.de\/wp-content\/uploads\/2014\/03\/2009.07.16-Dorfabend.jpg 1600w\" sizes=\"(max-width: 720px) 100vw, 720px\" \/><\/a>Wurstschie\u00dfen in Friedigerode<\/strong><\/p>\n<p><a href=\"https:\/\/hausen-aulatal.de\/wp-content\/uploads\/2014\/03\/DSC00437.jpg\"><img loading=\"lazy\" decoding=\"async\" class=\"aligncenter size-large wp-image-10311\" src=\"https:\/\/hausen-aulatal.de\/wp-content\/uploads\/2014\/03\/DSC00437-1024x768.jpg\" alt=\"DSC00437\" width=\"720\" height=\"540\" srcset=\"https:\/\/hausen-aulatal.de\/wp-content\/uploads\/2014\/03\/DSC00437-1024x768.jpg 1024w, https:\/\/hausen-aulatal.de\/wp-content\/uploads\/2014\/03\/DSC00437-300x225.jpg 300w\" sizes=\"(max-width: 720px) 100vw, 720px\" \/><\/a><a href=\"https:\/\/hausen-aulatal.de\/wp-content\/uploads\/2014\/03\/DSC00440.jpg\"><img loading=\"lazy\" decoding=\"async\" class=\"aligncenter size-large wp-image-10312\" src=\"https:\/\/hausen-aulatal.de\/wp-content\/uploads\/2014\/03\/DSC00440-1024x768.jpg\" alt=\"DSC00440\" width=\"720\" height=\"540\" srcset=\"https:\/\/hausen-aulatal.de\/wp-content\/uploads\/2014\/03\/DSC00440-1024x768.jpg 1024w, https:\/\/hausen-aulatal.de\/wp-content\/uploads\/2014\/03\/DSC00440-300x225.jpg 300w\" sizes=\"(max-width: 720px) 100vw, 720px\" \/><\/a><\/p>\n<p>Sonstige Aktivit\u00e4ten<\/p>\n<p><a href=\"https:\/\/hausen-aulatal.de\/wp-content\/uploads\/2014\/03\/12.12.15-Neuer-Alter-Vorstand.jpg\"><img loading=\"lazy\" decoding=\"async\" class=\"aligncenter size-large wp-image-10343\" src=\"https:\/\/hausen-aulatal.de\/wp-content\/uploads\/2014\/03\/12.12.15-Neuer-Alter-Vorstand-1024x768.jpg\" alt=\"12.12.15 Neuer-Alter Vorstand\" width=\"720\" height=\"540\" srcset=\"https:\/\/hausen-aulatal.de\/wp-content\/uploads\/2014\/03\/12.12.15-Neuer-Alter-Vorstand-1024x768.jpg 1024w, https:\/\/hausen-aulatal.de\/wp-content\/uploads\/2014\/03\/12.12.15-Neuer-Alter-Vorstand-300x225.jpg 300w\" sizes=\"(max-width: 720px) 100vw, 720px\" \/><\/a><\/p>\n<p><a href=\"https:\/\/hausen-aulatal.de\/wp-content\/uploads\/2014\/03\/ggfvo497a9vloaviaz0f73so8cl.jpg\"><img loading=\"lazy\" decoding=\"async\" class=\"aligncenter size-full wp-image-10327\" src=\"https:\/\/hausen-aulatal.de\/wp-content\/uploads\/2014\/03\/ggfvo497a9vloaviaz0f73so8cl.jpg\" alt=\"ggfvo497a9vloaviaz0f73so8cl\" width=\"620\" height=\"465\" srcset=\"https:\/\/hausen-aulatal.de\/wp-content\/uploads\/2014\/03\/ggfvo497a9vloaviaz0f73so8cl.jpg 620w, https:\/\/hausen-aulatal.de\/wp-content\/uploads\/2014\/03\/ggfvo497a9vloaviaz0f73so8cl-300x225.jpg 300w\" sizes=\"(max-width: 620px) 100vw, 620px\" \/><\/a> <a href=\"https:\/\/hausen-aulatal.de\/wp-content\/uploads\/2014\/03\/qfkl1l1y5zuwa72jus3h15ovjxw.jpg\"><img loading=\"lazy\" decoding=\"async\" class=\"aligncenter size-large wp-image-10328\" src=\"https:\/\/hausen-aulatal.de\/wp-content\/uploads\/2014\/03\/qfkl1l1y5zuwa72jus3h15ovjxw.jpg\" alt=\"qfkl1l1y5zuwa72jus3h15ovjxw\" width=\"620\" height=\"465\" srcset=\"https:\/\/hausen-aulatal.de\/wp-content\/uploads\/2014\/03\/qfkl1l1y5zuwa72jus3h15ovjxw.jpg 620w, https:\/\/hausen-aulatal.de\/wp-content\/uploads\/2014\/03\/qfkl1l1y5zuwa72jus3h15ovjxw-300x225.jpg 300w\" sizes=\"(max-width: 620px) 100vw, 620px\" \/><\/a> <a href=\"https:\/\/hausen-aulatal.de\/wp-content\/uploads\/2014\/03\/xeum0cad7djvmzpe58or1z3367o.jpg\"><img loading=\"lazy\" decoding=\"async\" class=\"aligncenter size-large wp-image-10329\" src=\"https:\/\/hausen-aulatal.de\/wp-content\/uploads\/2014\/03\/xeum0cad7djvmzpe58or1z3367o.jpg\" alt=\"xeum0cad7djvmzpe58or1z3367o\" width=\"620\" height=\"465\" srcset=\"https:\/\/hausen-aulatal.de\/wp-content\/uploads\/2014\/03\/xeum0cad7djvmzpe58or1z3367o.jpg 620w, https:\/\/hausen-aulatal.de\/wp-content\/uploads\/2014\/03\/xeum0cad7djvmzpe58or1z3367o-300x225.jpg 300w\" sizes=\"(max-width: 620px) 100vw, 620px\" \/><\/a><a href=\"https:\/\/hausen-aulatal.de\/wp-content\/uploads\/2014\/03\/kpnscl6frc2r3uyv7yogu56idfd.jpg\"><img loading=\"lazy\" decoding=\"async\" class=\"aligncenter size-full wp-image-10330\" src=\"https:\/\/hausen-aulatal.de\/wp-content\/uploads\/2014\/03\/kpnscl6frc2r3uyv7yogu56idfd.jpg\" alt=\"kpnscl6frc2r3uyv7yogu56idfd\" width=\"620\" height=\"465\" srcset=\"https:\/\/hausen-aulatal.de\/wp-content\/uploads\/2014\/03\/kpnscl6frc2r3uyv7yogu56idfd.jpg 620w, https:\/\/hausen-aulatal.de\/wp-content\/uploads\/2014\/03\/kpnscl6frc2r3uyv7yogu56idfd-300x225.jpg 300w\" sizes=\"(max-width: 620px) 100vw, 620px\" \/><\/a> <a href=\"https:\/\/hausen-aulatal.de\/wp-content\/uploads\/2014\/03\/kqcjr1x7vcy748a42un5an2f7s5.jpg\"><img loading=\"lazy\" decoding=\"async\" class=\"aligncenter size-large wp-image-10331\" src=\"https:\/\/hausen-aulatal.de\/wp-content\/uploads\/2014\/03\/kqcjr1x7vcy748a42un5an2f7s5.jpg\" alt=\"kqcjr1x7vcy748a42un5an2f7s5\" width=\"620\" height=\"465\" srcset=\"https:\/\/hausen-aulatal.de\/wp-content\/uploads\/2014\/03\/kqcjr1x7vcy748a42un5an2f7s5.jpg 620w, https:\/\/hausen-aulatal.de\/wp-content\/uploads\/2014\/03\/kqcjr1x7vcy748a42un5an2f7s5-300x225.jpg 300w\" sizes=\"(max-width: 620px) 100vw, 620px\" \/><\/a> <a href=\"https:\/\/hausen-aulatal.de\/wp-content\/uploads\/2014\/03\/o6v0h0czlpkrsglluf8ajnrmigg.jpg\"><img loading=\"lazy\" decoding=\"async\" class=\"aligncenter size-large wp-image-10332\" src=\"https:\/\/hausen-aulatal.de\/wp-content\/uploads\/2014\/03\/o6v0h0czlpkrsglluf8ajnrmigg.jpg\" alt=\"o6v0h0czlpkrsglluf8ajnrmigg\" width=\"620\" height=\"465\" srcset=\"https:\/\/hausen-aulatal.de\/wp-content\/uploads\/2014\/03\/o6v0h0czlpkrsglluf8ajnrmigg.jpg 620w, https:\/\/hausen-aulatal.de\/wp-content\/uploads\/2014\/03\/o6v0h0czlpkrsglluf8ajnrmigg-300x225.jpg 300w\" sizes=\"(max-width: 620px) 100vw, 620px\" \/><\/a><\/p>\n<p><a href=\"https:\/\/hausen-aulatal.de\/wp-content\/uploads\/2014\/03\/08o11sgny8inak4ivlpj7rv3daw.jpg\"><img loading=\"lazy\" decoding=\"async\" class=\"aligncenter size-full wp-image-10342\" src=\"https:\/\/hausen-aulatal.de\/wp-content\/uploads\/2014\/03\/08o11sgny8inak4ivlpj7rv3daw.jpg\" alt=\"08o11sgny8inak4ivlpj7rv3daw\" width=\"620\" height=\"465\" srcset=\"https:\/\/hausen-aulatal.de\/wp-content\/uploads\/2014\/03\/08o11sgny8inak4ivlpj7rv3daw.jpg 620w, https:\/\/hausen-aulatal.de\/wp-content\/uploads\/2014\/03\/08o11sgny8inak4ivlpj7rv3daw-300x225.jpg 300w\" sizes=\"(max-width: 620px) 100vw, 620px\" \/><\/a><img loading=\"lazy\" decoding=\"async\" class=\"aligncenter size-full wp-image-10333\" src=\"https:\/\/hausen-aulatal.de\/wp-content\/uploads\/2014\/03\/Ewald-im-Zieleinlauf.jpg\" alt=\"Ewald im Zieleinlauf\" width=\"640\" height=\"480\" srcset=\"https:\/\/hausen-aulatal.de\/wp-content\/uploads\/2014\/03\/Ewald-im-Zieleinlauf.jpg 640w, https:\/\/hausen-aulatal.de\/wp-content\/uploads\/2014\/03\/Ewald-im-Zieleinlauf-300x225.jpg 300w\" sizes=\"(max-width: 640px) 100vw, 640px\" \/> <a href=\"https:\/\/hausen-aulatal.de\/wp-content\/uploads\/2014\/03\/Silke-beim-Schie\u251c\u0192en.jpg\"><img loading=\"lazy\" decoding=\"async\" class=\"aligncenter size-large wp-image-10334\" src=\"https:\/\/hausen-aulatal.de\/wp-content\/uploads\/2014\/03\/Silke-beim-Schie\u251c\u0192en-1024x768.jpg\" alt=\"Silke beim Schie\u251c\u0192en\" width=\"720\" height=\"540\" srcset=\"https:\/\/hausen-aulatal.de\/wp-content\/uploads\/2014\/03\/Silke-beim-Schie\u251c\u0192en-1024x768.jpg 1024w, https:\/\/hausen-aulatal.de\/wp-content\/uploads\/2014\/03\/Silke-beim-Schie\u251c\u0192en-300x225.jpg 300w\" sizes=\"(max-width: 720px) 100vw, 720px\" \/><\/a> <a href=\"https:\/\/hausen-aulatal.de\/wp-content\/uploads\/2014\/03\/Walter-am-Schie\u251c\u0192stand_1.jpg\"><img loading=\"lazy\" decoding=\"async\" class=\"aligncenter size-large wp-image-10335\" src=\"https:\/\/hausen-aulatal.de\/wp-content\/uploads\/2014\/03\/Walter-am-Schie\u251c\u0192stand_1-1024x768.jpg\" alt=\"Walter am Schie\u251c\u0192stand_1\" width=\"720\" height=\"540\" srcset=\"https:\/\/hausen-aulatal.de\/wp-content\/uploads\/2014\/03\/Walter-am-Schie\u251c\u0192stand_1-1024x768.jpg 1024w, https:\/\/hausen-aulatal.de\/wp-content\/uploads\/2014\/03\/Walter-am-Schie\u251c\u0192stand_1-300x225.jpg 300w\" sizes=\"(max-width: 720px) 100vw, 720px\" \/><\/a> <a href=\"https:\/\/hausen-aulatal.de\/wp-content\/uploads\/2014\/03\/Das-Versorgungsteam.jpg\"><img loading=\"lazy\" decoding=\"async\" class=\"aligncenter size-large wp-image-10336\" src=\"https:\/\/hausen-aulatal.de\/wp-content\/uploads\/2014\/03\/Das-Versorgungsteam-1024x768.jpg\" alt=\"Das Versorgungsteam\" width=\"720\" height=\"540\" srcset=\"https:\/\/hausen-aulatal.de\/wp-content\/uploads\/2014\/03\/Das-Versorgungsteam-1024x768.jpg 1024w, https:\/\/hausen-aulatal.de\/wp-content\/uploads\/2014\/03\/Das-Versorgungsteam-300x225.jpg 300w\" sizes=\"(max-width: 720px) 100vw, 720px\" \/><\/a> <a href=\"https:\/\/hausen-aulatal.de\/wp-content\/uploads\/2014\/03\/Charly-nach-dem-Zieleinlauf.jpg\"><img loading=\"lazy\" decoding=\"async\" class=\"aligncenter size-large wp-image-10337\" src=\"https:\/\/hausen-aulatal.de\/wp-content\/uploads\/2014\/03\/Charly-nach-dem-Zieleinlauf-1024x768.jpg\" alt=\"Charly nach dem Zieleinlauf\" width=\"720\" height=\"540\" srcset=\"https:\/\/hausen-aulatal.de\/wp-content\/uploads\/2014\/03\/Charly-nach-dem-Zieleinlauf-1024x768.jpg 1024w, https:\/\/hausen-aulatal.de\/wp-content\/uploads\/2014\/03\/Charly-nach-dem-Zieleinlauf-300x225.jpg 300w\" sizes=\"(max-width: 720px) 100vw, 720px\" \/><\/a> <a href=\"https:\/\/hausen-aulatal.de\/wp-content\/uploads\/2014\/03\/Ausklang-in-der-Schutzh\u251c\u255dtte.jpg\"><img loading=\"lazy\" decoding=\"async\" class=\"aligncenter size-large wp-image-10338\" src=\"https:\/\/hausen-aulatal.de\/wp-content\/uploads\/2014\/03\/Ausklang-in-der-Schutzh\u251c\u255dtte-1024x768.jpg\" alt=\"Ausklang in der Schutzh\u251c\u255dtte\" width=\"720\" height=\"540\" srcset=\"https:\/\/hausen-aulatal.de\/wp-content\/uploads\/2014\/03\/Ausklang-in-der-Schutzh\u251c\u255dtte-1024x768.jpg 1024w, https:\/\/hausen-aulatal.de\/wp-content\/uploads\/2014\/03\/Ausklang-in-der-Schutzh\u251c\u255dtte-300x225.jpg 300w\" sizes=\"(max-width: 720px) 100vw, 720px\" \/><\/a><a href=\"https:\/\/hausen-aulatal.de\/wp-content\/uploads\/2014\/03\/Reservisten2.jpg\"><img loading=\"lazy\" decoding=\"async\" class=\"aligncenter size-large wp-image-10347\" src=\"https:\/\/hausen-aulatal.de\/wp-content\/uploads\/2014\/03\/Reservisten2-768x1024.jpg\" alt=\"Sierra Exif JPEG\" width=\"720\" height=\"960\" srcset=\"https:\/\/hausen-aulatal.de\/wp-content\/uploads\/2014\/03\/Reservisten2-768x1024.jpg 768w, https:\/\/hausen-aulatal.de\/wp-content\/uploads\/2014\/03\/Reservisten2-225x300.jpg 225w, https:\/\/hausen-aulatal.de\/wp-content\/uploads\/2014\/03\/Reservisten2.jpg 1200w\" sizes=\"(max-width: 720px) 100vw, 720px\" \/><\/a><\/p>\n<table width=\"24\">\n<tbody>\n<tr>\n<td><\/td>\n<td><\/td>\n<\/tr>\n<tr>\n<td><\/td>\n<td><\/td>\n<\/tr>\n<\/tbody>\n<\/table>\n<p><strong>Mitglieder<\/strong><\/p>\n<p>01 Albert, J\u00f6rg<br \/>\n02 Albert, Hartmut<br \/>\n03 Allendorf, Karsten<br \/>\n04 Allendorf, Ulrich<br \/>\n05 Allendorf, Markus<br \/>\n06 Battenberg, Dirk<br \/>\n07 Braun, Norbert (EM)<br \/>\n08 Diebel, Manfred<br \/>\n09 Erler, Alexander<br \/>\n10 Fleischmann, Dirk<br \/>\n11 Hahl, Herbert<br \/>\n12 Hofmann, Armin<br \/>\n13 Karsch, Peter<br \/>\n14 K\u00e4smann, Steffen<br \/>\n15 Klinger, Horst<br \/>\n16 Klinger, Karl-Heinz (EM)<br \/>\n17 Kister, Dennis<br \/>\n18M\u00fchling, M<\/p>\n<p>19 Neumann, Gerd<br \/>\n20 Nuhn, Erich<br \/>\n21 Nuhn, Otto<br \/>\n22 Orth, Achim<br \/>\n23 Peter, Ewald<br \/>\n24 Roth, Florian<br \/>\n25 Roth, Hans &#8211; Heinrich<br \/>\n26 Roth, Steffen<br \/>\n27 R\u00fchl, Ilja<br \/>\n28 Sch\u00e4fer, Ralf<br \/>\n29 Schreiber, Frank<br \/>\n30 Schreiber, Johannes<br \/>\n31 Wernick, Jens<\/p>\n<p>&nbsp;<\/p>\n<p><strong>Ehemalige Mitglieder:<\/strong><\/p>\n<h5>Albert, G\u00fcnther<br \/>\nBallwanz, Wolfgang<br \/>\nBallwanz, Manfred<br \/>\nBickert, Dieter<br \/>\nDiebel,Norbert\u00a0\u00a0\u00a0\u00a0\u00a0\u00a0\u00a0\u00a0\u00a0\u00a0\u00a0\u00a0\u00a0\u00a0\u00a0\u00a0\u00a0\u00a0\u00a0\u00a0\u00a0\u00a0\u00a0\u00a0\u00a0\u00a0\u00a0\u00a0\u00a0\u00a0\u00a0\u00a0\u00a0\u00a0\u00a0\u00a0\u00a0\u00a0\u00a0\u00a0\u00a0\u00a0\u00a0\u00a0\u00a0\u00a0\u00a0\u00a0\u00a0\u00a0\u00a0\u00a0\u00a0\u00a0\u00a0\u00a0\u00a0\u00a0\u00a0\u00a0\u00a0\u00a0\u00a0\u00a0\u00a0\u00a0\u00a0\u00a0\u00a0\u00a0\u00a0\u00a0\u00a0\u00a0\u00a0\u00a0\u00a0\u00a0\u00a0\u00a0\u00a0\u00a0\u00a0\u00a0\u00a0\u00a0\u00a0\u00a0\u00a0\u00a0\u00a0\u00a0\u00a0\u00a0\u00a0\u00a0\u00a0\u00a0\u00a0\u00a0\u00a0\u00a0\u00a0\u00a0\u00a0\u00a0\u00a0\u00a0\u00a0\u00a0\u00a0\u00a0\u00a0\u00a0\u00a0\u00a0\u00a0\u00a0\u00a0\u00a0\u00a0\u00a0\u00a0\u00a0\u00a0\u00a0\u00a0\u00a0\u00a0\u00a0\u00a0\u00a0\u00a0\u00a0\u00a0\u00a0\u00a0\u00a0\u00a0\u00a0\u00a0\u00a0\u00a0\u00a0\u00a0\u00a0\u00a0\u00a0\u00a0\u00a0\u00a0\u00a0\u00a0\u00a0\u00a0\u00a0\u00a0\u00a0\u00a0\u00a0\u00a0\u00a0\u00a0\u00a0\u00a0\u00a0\u00a0\u00a0\u00a0\u00a0\u00a0\u00a0\u00a0\u00a0\u00a0\u00a0\u00a0\u00a0\u00a0\u00a0\u00a0\u00a0\u00a0\u00a0\u00a0\u00a0\u00a0\u00a0\u00a0\u00a0\u00a0\u00a0\u00a0\u00a0\u00a0\u00a0\u00a0\u00a0\u00a0\u00a0\u00a0\u00a0\u00a0\u00a0\u00a0\u00a0\u00a0\u00a0\u00a0\u00a0\u00a0\u00a0\u00a0\u00a0\u00a0\u00a0\u00a0\u00a0\u00a0\u00a0\u00a0\u00a0\u00a0\u00a0\u00a0\u00a0\u00a0\u00a0\u00a0\u00a0\u00a0\u00a0\u00a0\u00a0\u00a0\u00a0\u00a0\u00a0\u00a0\u00a0\u00a0\u00a0\u00a0\u00a0\u00a0\u00a0\u00a0\u00a0\u00a0\u00a0\u00a0\u00a0\u00a0\u00a0\u00a0\u00a0\u00a0\u00a0\u00a0\u00a0\u00a0\u00a0\u00a0\u00a0\u00a0\u00a0\u00a0\u00a0\u00a0\u00a0\u00a0\u00a0\u00a0\u00a0\u00a0\u00a0\u00a0\u00a0\u00a0\u00a0\u00a0\u00a0\u00a0\u00a0\u00a0\u00a0\u00a0\u00a0\u00a0\u00a0\u00a0\u00a0\u00a0\u00a0\u00a0\u00a0\u00a0\u00a0\u00a0\u00a0\u00a0\u00a0\u00a0\u00a0\u00a0\u00a0\u00a0\u00a0\u00a0\u00a0\u00a0\u00a0\u00a0\u00a0\u00a0\u00a0\u00a0 Eckharfdt,Werner\u00a0\u00a0\u00a0\u00a0\u00a0\u00a0\u00a0\u00a0\u00a0\u00a0\u00a0\u00a0\u00a0\u00a0\u00a0\u00a0\u00a0\u00a0\u00a0\u00a0\u00a0\u00a0\u00a0\u00a0\u00a0\u00a0\u00a0\u00a0\u00a0\u00a0\u00a0\u00a0\u00a0\u00a0\u00a0\u00a0\u00a0\u00a0\u00a0\u00a0\u00a0\u00a0\u00a0\u00a0\u00a0\u00a0\u00a0\u00a0\u00a0\u00a0\u00a0\u00a0\u00a0\u00a0\u00a0\u00a0\u00a0\u00a0\u00a0\u00a0\u00a0\u00a0\u00a0\u00a0\u00a0\u00a0\u00a0\u00a0\u00a0\u00a0\u00a0\u00a0\u00a0\u00a0\u00a0\u00a0\u00a0\u00a0\u00a0\u00a0\u00a0\u00a0\u00a0\u00a0\u00a0\u00a0\u00a0\u00a0\u00a0\u00a0\u00a0\u00a0\u00a0\u00a0\u00a0\u00a0\u00a0\u00a0\u00a0\u00a0\u00a0\u00a0\u00a0\u00a0\u00a0\u00a0\u00a0\u00a0\u00a0\u00a0\u00a0\u00a0\u00a0\u00a0\u00a0\u00a0\u00a0\u00a0\u00a0\u00a0\u00a0\u00a0\u00a0\u00a0\u00a0\u00a0\u00a0\u00a0\u00a0\u00a0\u00a0\u00a0\u00a0\u00a0\u00a0\u00a0\u00a0\u00a0\u00a0\u00a0\u00a0\u00a0\u00a0\u00a0\u00a0\u00a0\u00a0\u00a0\u00a0\u00a0\u00a0\u00a0\u00a0\u00a0\u00a0\u00a0\u00a0\u00a0\u00a0\u00a0\u00a0\u00a0\u00a0\u00a0\u00a0\u00a0\u00a0\u00a0\u00a0\u00a0\u00a0\u00a0\u00a0\u00a0\u00a0\u00a0\u00a0\u00a0\u00a0\u00a0\u00a0\u00a0\u00a0\u00a0\u00a0\u00a0\u00a0\u00a0\u00a0\u00a0\u00a0\u00a0\u00a0\u00a0\u00a0\u00a0\u00a0\u00a0\u00a0\u00a0\u00a0\u00a0\u00a0\u00a0\u00a0\u00a0\u00a0\u00a0\u00a0\u00a0\u00a0\u00a0\u00a0\u00a0\u00a0\u00a0\u00a0\u00a0\u00a0\u00a0\u00a0\u00a0\u00a0\u00a0\u00a0\u00a0\u00a0\u00a0\u00a0\u00a0\u00a0\u00a0\u00a0\u00a0\u00a0\u00a0\u00a0\u00a0\u00a0\u00a0\u00a0\u00a0\u00a0\u00a0\u00a0\u00a0\u00a0\u00a0\u00a0\u00a0\u00a0\u00a0\u00a0\u00a0\u00a0\u00a0\u00a0\u00a0\u00a0\u00a0\u00a0\u00a0\u00a0\u00a0\u00a0\u00a0\u00a0\u00a0\u00a0\u00a0\u00a0\u00a0\u00a0\u00a0\u00a0\u00a0\u00a0\u00a0\u00a0\u00a0\u00a0\u00a0\u00a0\u00a0\u00a0\u00a0\u00a0\u00a0\u00a0\u00a0\u00a0\u00a0\u00a0\u00a0\u00a0\u00a0\u00a0\u00a0\u00a0\u00a0\u00a0\u00a0\u00a0\u00a0\u00a0\u00a0\u00a0\u00a0\u00a0\u00a0\u00a0\u00a0 Geist, Wilfried<br \/>\nHammer, Dieter<br \/>\nHelwig, Hans<br \/>\nHofmann, Simon<br \/>\nH\u00f6ck, Thorsten<br \/>\nHuss,Franz<br \/>\nKlinger, Gerd<br \/>\nKister, Marco<br \/>\nMeyer, Gerald<br \/>\nMerle, Kurt<br \/>\nMerz, Dieter<br \/>\nM\u00fcller, Horst<br \/>\nM\u00fcller, Klaus<br \/>\nM\u00fcller, Uwe<br \/>\nPfalzgraf, Karl-Ludwig<br \/>\nPlichta, Ernst<br \/>\nPlichta, Karl-Heinz<br \/>\nRichhardt,Udo\u00a0\u00a0\u00a0\u00a0\u00a0\u00a0\u00a0\u00a0\u00a0\u00a0\u00a0\u00a0\u00a0\u00a0\u00a0\u00a0\u00a0\u00a0\u00a0\u00a0\u00a0\u00a0\u00a0\u00a0\u00a0\u00a0\u00a0\u00a0\u00a0\u00a0\u00a0\u00a0\u00a0\u00a0\u00a0\u00a0\u00a0\u00a0\u00a0\u00a0\u00a0\u00a0\u00a0\u00a0\u00a0\u00a0\u00a0\u00a0\u00a0\u00a0\u00a0\u00a0\u00a0\u00a0\u00a0\u00a0\u00a0\u00a0\u00a0\u00a0\u00a0\u00a0\u00a0\u00a0\u00a0\u00a0\u00a0\u00a0\u00a0\u00a0\u00a0\u00a0\u00a0\u00a0\u00a0\u00a0\u00a0\u00a0\u00a0\u00a0\u00a0\u00a0\u00a0\u00a0\u00a0\u00a0\u00a0\u00a0\u00a0\u00a0\u00a0\u00a0\u00a0\u00a0\u00a0\u00a0\u00a0\u00a0\u00a0\u00a0\u00a0\u00a0\u00a0\u00a0\u00a0\u00a0\u00a0\u00a0\u00a0\u00a0\u00a0\u00a0\u00a0\u00a0\u00a0\u00a0\u00a0\u00a0\u00a0\u00a0\u00a0\u00a0\u00a0\u00a0\u00a0\u00a0\u00a0\u00a0\u00a0\u00a0\u00a0\u00a0\u00a0\u00a0\u00a0\u00a0\u00a0\u00a0\u00a0\u00a0\u00a0\u00a0\u00a0\u00a0\u00a0\u00a0\u00a0\u00a0\u00a0\u00a0\u00a0\u00a0\u00a0\u00a0\u00a0\u00a0\u00a0\u00a0\u00a0\u00a0\u00a0\u00a0\u00a0\u00a0\u00a0\u00a0\u00a0\u00a0\u00a0\u00a0\u00a0\u00a0\u00a0\u00a0\u00a0\u00a0\u00a0\u00a0\u00a0\u00a0\u00a0\u00a0\u00a0\u00a0\u00a0\u00a0\u00a0\u00a0\u00a0\u00a0\u00a0\u00a0\u00a0\u00a0\u00a0\u00a0\u00a0\u00a0\u00a0\u00a0\u00a0\u00a0\u00a0\u00a0\u00a0\u00a0\u00a0\u00a0\u00a0\u00a0\u00a0\u00a0\u00a0\u00a0\u00a0\u00a0\u00a0\u00a0\u00a0\u00a0\u00a0\u00a0\u00a0\u00a0\u00a0\u00a0\u00a0\u00a0\u00a0\u00a0\u00a0\u00a0\u00a0\u00a0\u00a0\u00a0\u00a0\u00a0\u00a0\u00a0\u00a0\u00a0\u00a0\u00a0\u00a0\u00a0\u00a0\u00a0\u00a0\u00a0\u00a0\u00a0\u00a0\u00a0\u00a0\u00a0\u00a0\u00a0\u00a0\u00a0\u00a0\u00a0\u00a0\u00a0\u00a0\u00a0\u00a0\u00a0\u00a0\u00a0\u00a0\u00a0\u00a0\u00a0\u00a0\u00a0\u00a0\u00a0\u00a0\u00a0\u00a0\u00a0\u00a0\u00a0\u00a0\u00a0\u00a0\u00a0\u00a0\u00a0\u00a0\u00a0\u00a0\u00a0\u00a0\u00a0\u00a0\u00a0\u00a0\u00a0\u00a0\u00a0\u00a0\u00a0\u00a0\u00a0\u00a0\u00a0\u00a0\u00a0\u00a0\u00a0\u00a0\u00a0\u00a0\u00a0\u00a0\u00a0 Ritterfeld, Hubetus<\/h5>\n<h5>Roth, Karl-Heinz (EM)<br \/>\nStein, Uwe<\/h5>\n<h5>St\u00e4chelin, Michael<\/h5>\n<h5>Hofmann, Gerd<br \/>\nHofmann, Willi<\/h5>\n<h5>Dietz, Christian<br \/>\n<strong>Vorst\u00e4nde:<\/strong><\/h5>\n<p><b>1975<\/b> -Gr\u00fcndung des Vereins am 05.04.1975 von Uwe M\u00fcller, G\u00fcnther Albert, Ewald Peter, Ulrich Allendorf, Simon Hofmann, Kurt Merle, Herbert Hahl, Karl-Ludwig Pfalzgraf, Ernst Plichta, Karl-Heinz Plichta, Willi Hofmann, Wolfgang Ballwanz, Otto Nuhn, Wilfried Geist, Dieter Hammer<\/p>\n<p>Gr\u00fcndungsjahr 1975 Simon Hofmann, Karl-Ludwig Pfalzgraf, Ulli Allendorf, Uwe\u00a0M\u00fcller<\/p>\n<p>1976 bis 1977 Willi Hofmann, Karl-Ludwig Pfalzgraf, Ulli Allendorf, Uwe M\u00fcller<\/p>\n<p>1977 bis 1978 Ernst Plichta, Karl-Ludwig Pfalzgraf, Manfred Diebel<\/p>\n<p>1979 bis 1980 Henner Roth, Horst M\u00fcller, Manfred Ballwanz, Gerd Hofmann<\/p>\n<p>1981 bis 1984 Otto Nuhn<\/p>\n<p>1985 bis 1986 Udo Richhardt, Henner Roth, Wolfgang Ballwanz, Erich Nuhn, Ewald Peter<\/p>\n<p>1987 bis 1990 Armin Hofmann, Gerd Hofmann, Dirk Battenberg<\/p>\n<p>1991 bis 1994 Otto Nuhn, Ewald Peter, Dirk Battenberg<\/p>\n<p>1995 bis 1996 Henner Roth, Ralf Sch\u00e4fer, Dirk Fleischmann, Dirk Battenberg<\/p>\n<p>1997 bis 1998 Gerd Hofmann, Karsten Allendorf, Hubertus Ritterfeld, Dirk Battenberg<\/p>\n<p>1999 bis 2000 Ewald Peter, J\u00f6rg Albert, Hubertus Ritterfeld, Dirk Battenberg<\/p>\n<p>2001 bis 2006 Ewald Peter, J\u00f6rg Albert, Dirk Fleischmann, Dirk Battenberg<\/p>\n<p>2007 bis\u00a02012 J\u00f6rg Albert, Markus Allendorf, Dirk Fleischmann, Dirk Battenberg<\/p>\n<p style=\"text-align: left;\">2013 bis 2014\u00a0 Thorsten H\u00f6ck, Markus Allendorf, Ralf Sch\u00e4fer, Dirk Battenberg<br \/>\n2014 bis 2016\u00a0 Gerd Neumann, Karsten Allendorf, Markus Allendorf, Dirk Battenberg<br \/>\n2016 bis 2018\u00a0 Gerd Neumann, Ilja R\u00fchl, Markus Allendorf, Dirk Battenberg<\/p>\n<p style=\"text-align: left;\">2018 bis \u00a0 \u00a0 \u00a0 \u00a0 \u00a0\u00a0 Gerd Neumann, Ilja R\u00fchl, Dirk Fleischmann, Dirk Battenberg<\/p>\n<p style=\"text-align: left;\"><strong>Hier noch eine kleine Maibaumkunde zum Maibaumfest 2011!\u00a0<\/strong><\/p>\n<p>Zum\u00a020 Maibaumfest in Hausen wir nunmehr der vierte\u00a0 Maibaum aufgestellt.<\/p>\n<p>Der Baum wurde im letzen Hebst im Wald von Familie Manfred Hellwig geschlagen und dem Reservistenverein zur Verf\u00fcgung gestellt. Hierf\u00fcr ein Herzliches Dankesch\u00f6n.<\/p>\n<p>Bisher hatte der Baum immer die hessischen Farben ROT\/Wei\u00df mit einer Fahne, die auf beiden Seiten das Wappen von Oberaula trug.<\/p>\n<p>Zur 850 Jahrfeier im\u00a0Jahr\u00a0 2010 wurde die Fahne erneuert und auf einer Seite wurde das neue Wappen von Hausen und auf der anderen Seite das bisherige von Oberaula platziert.<\/p>\n<p>Zum 20 Maibaumfest im Jahr 2011 wurde nun ein neuer Maibaum mit einer H\u00f6he von \u00fcber 22 Metern und den H\u00e4usnern Farben ROT\/GELB aufgestellt. Der Anstrich wurde von Malermeister Norbert Braun, mit Firmensitz in Oberaula kostenlos Hergestellt. Hierf\u00fcr auch ein Herzliches Dankesch\u00f6n.<br \/>\nZum 25. Maibaumfest im Jahr 2016 wurde der f\u00fcnfte Maibaum seid 1992 aufgestellt.<\/p>\n<p>Zum 27.Maibaumfest im Jahr 2019 wurde der sechse Maibaum aufgestellt (etwas fr\u00fcher als gewollt. wir wissen warum)<\/p>\n<p><a href=\"https:\/\/hausen-aulatal.de\/wp-content\/uploads\/2014\/03\/Wappen-Oberaula-2010.jpg\"><img loading=\"lazy\" decoding=\"async\" class=\"aligncenter wp-image-9236\" src=\"https:\/\/hausen-aulatal.de\/wp-content\/uploads\/2014\/03\/Wappen-Oberaula-2010-844x1024.jpg\" alt=\"Wappen Oberaula 2010\" width=\"475\" height=\"574\" \/><\/a> <a href=\"https:\/\/hausen-aulatal.de\/wp-content\/uploads\/2014\/03\/Wappen-Hausen-2010.jpg\"><img loading=\"lazy\" decoding=\"async\" class=\"aligncenter wp-image-9237\" src=\"https:\/\/hausen-aulatal.de\/wp-content\/uploads\/2014\/03\/Wappen-Hausen-2010.jpg\" alt=\"Wappen Hausen 2010\" width=\"487\" height=\"613\" \/><\/a><\/p>\n<p style=\"text-align: left;\"><a href=\"https:\/\/hausen-aulatal.de\/?page_id=33\">Zur\u00fcck zur Vereins\u00fcbersicht<\/a><\/p>\n","protected":false},"excerpt":{"rendered":"<p>Feier zum 50-j\u00e4hrigen Vereinsjubil\u00e4um in der Schutzh\u00fctte am Hohnberg (02.08.2025) Thema: Zukunft des Maibaumfestes Bei der letzten Quartalsversammlung im April 2025 des Reservistenverein Hausen stand die Zukunft des traditionellen Maibaumfestes [&hellip;]<\/p>\n","protected":false},"author":3,"featured_media":0,"parent":33,"menu_order":0,"comment_status":"closed","ping_status":"closed","template":"","meta":{"_price":"","_stock":"","_tribe_ticket_header":"","_tribe_default_ticket_provider":"","_tribe_ticket_capacity":"0","_ticket_start_date":"","_ticket_end_date":"","_tribe_ticket_show_description":"","_tribe_ticket_show_not_going":false,"_tribe_ticket_use_global_stock":"","_tribe_ticket_global_stock_level":"","_global_stock_mode":"","_global_stock_cap":"","_tribe_rsvp_for_event":"","_tribe_ticket_going_count":"","_tribe_ticket_not_going_count":"","_tribe_tickets_list":"[]","_tribe_ticket_has_attendee_info_fields":false,"footnotes":"","_tec_slr_enabled":"","_tec_slr_layout":""},"ticketed":false,"_links":{"self":[{"href":"https:\/\/hausen-aulatal.de\/index.php?rest_route=\/wp\/v2\/pages\/237"}],"collection":[{"href":"https:\/\/hausen-aulatal.de\/index.php?rest_route=\/wp\/v2\/pages"}],"about":[{"href":"https:\/\/hausen-aulatal.de\/index.php?rest_route=\/wp\/v2\/types\/page"}],"author":[{"embeddable":true,"href":"https:\/\/hausen-aulatal.de\/index.php?rest_route=\/wp\/v2\/users\/3"}],"replies":[{"embeddable":true,"href":"https:\/\/hausen-aulatal.de\/index.php?rest_route=%2Fwp%2Fv2%2Fcomments&post=237"}],"version-history":[{"count":36,"href":"https:\/\/hausen-aulatal.de\/index.php?rest_route=\/wp\/v2\/pages\/237\/revisions"}],"predecessor-version":[{"id":27723,"href":"https:\/\/hausen-aulatal.de\/index.php?rest_route=\/wp\/v2\/pages\/237\/revisions\/27723"}],"up":[{"embeddable":true,"href":"https:\/\/hausen-aulatal.de\/index.php?rest_route=\/wp\/v2\/pages\/33"}],"wp:attachment":[{"href":"https:\/\/hausen-aulatal.de\/index.php?rest_route=%2Fwp%2Fv2%2Fmedia&parent=237"}],"curies":[{"name":"wp","href":"https:\/\/api.w.org\/{rel}","templated":true}]}}