{"id":3204,"date":"2014-10-19T15:04:22","date_gmt":"2014-10-19T13:04:22","guid":{"rendered":"http:\/\/hausen-aulatal.de\/?page_id=3204"},"modified":"2017-06-15T13:37:29","modified_gmt":"2017-06-15T11:37:29","slug":"kalenderraetsel-2015","status":"publish","type":"page","link":"https:\/\/hausen-aulatal.de\/?page_id=3204","title":{"rendered":"Kalenderr\u00e4tsel 2015"},"content":{"rendered":"<p>Wir freuen uns, dass Du\/Sie Interesse an unserem ersten Kalenderr\u00e4tsel 2015 hast\/haben.<\/p>\n<p>Um mitzumachen ben\u00f6tigt man den Hausener Kalender, welcher vom Heimatverein Hausen f\u00fcr \u20ac 10,- zu erweben ist.<\/p>\n<p>Auf dieser Website und im Informationskasten vom Heimatverein werden jeweils am Monatsanfang ein Foto gezeigt, was zur Aufl\u00f6sung des R\u00e4tsels beitr\u00e4gt!<\/p>\n<p>Teilnehmer mit dem richtigen L\u00f6sungswort m\u00fcssen dieses auf den Abschnitt auf dem letzten Kalenderblatt schreiben und bis 6. Dezember 2015 bis 14:00 Uhr abgeben. Entweder vorher beim Ortsvorsteher J\u00f6rg Albert, Am Sportplatz 1,\u00a0\u00a0\u00a0\u00a0\u00a0\u00a0\u00a0\u00a0\u00a0\u00a0\u00a0\u00a0\u00a0\u00a0\u00a0\u00a0\u00a0\u00a0\u00a0 (bis 5.Dezember), oder direkt am\u00a06. Dezember am <del>Maibaumplatz<\/del> FW Ger\u00e4tehaus. Aus allen abgegebenen Zetteln mit dem richtigen L\u00f6sungswort werden dann am 6. Dezember um 14:00 Uhr drei Preise gezogen.<\/p>\n<p>Es kann nur ein L\u00f6sungswort pro Kalender abgegeben werden<\/p>\n<p>Wir w\u00fcnschen viel Spa\u00df beim l\u00f6sen des R\u00e4tsels.<\/p>\n<div id=\"attachment_4776\" style=\"width: 730px\" class=\"wp-caption aligncenter\"><a href=\"https:\/\/hausen-aulatal.de\/wp-content\/uploads\/2014\/10\/8-Foto-August-Buchstabe-9.jpg\"><img loading=\"lazy\" decoding=\"async\" aria-describedby=\"caption-attachment-4776\" class=\" wp-image-4776\" title=\"11  Foto November, Buchstabe 10\" alt=\"11  Foto November, Buchstabe 10\" src=\"https:\/\/hausen-aulatal.de\/wp-content\/uploads\/2014\/10\/8-Foto-August-Buchstabe-9-1024x768.jpg\" width=\"720\" height=\"540\" srcset=\"https:\/\/hausen-aulatal.de\/wp-content\/uploads\/2014\/10\/8-Foto-August-Buchstabe-9-1024x768.jpg 1024w, https:\/\/hausen-aulatal.de\/wp-content\/uploads\/2014\/10\/8-Foto-August-Buchstabe-9-300x225.jpg 300w\" sizes=\"(max-width: 720px) 100vw, 720px\" \/><\/a><p id=\"caption-attachment-4776\" class=\"wp-caption-text\">11 Foto November, Buchstabe 10<\/p><\/div>\n<div id=\"attachment_3509\" style=\"width: 730px\" class=\"wp-caption aligncenter\"><a href=\"https:\/\/hausen-aulatal.de\/wp-content\/uploads\/2014\/10\/10-Foto-Oktober-Buchstabe-7.jpg\"><img loading=\"lazy\" decoding=\"async\" aria-describedby=\"caption-attachment-3509\" class=\"size-large wp-image-3509\" alt=\"10 - Foto Oktober Buchstabe 7\" src=\"https:\/\/hausen-aulatal.de\/wp-content\/uploads\/2014\/10\/10-Foto-Oktober-Buchstabe-7-1024x508.jpg\" width=\"720\" height=\"357\" srcset=\"https:\/\/hausen-aulatal.de\/wp-content\/uploads\/2014\/10\/10-Foto-Oktober-Buchstabe-7-1024x508.jpg 1024w, https:\/\/hausen-aulatal.de\/wp-content\/uploads\/2014\/10\/10-Foto-Oktober-Buchstabe-7-300x149.jpg 300w\" sizes=\"(max-width: 720px) 100vw, 720px\" \/><\/a><p id=\"caption-attachment-3509\" class=\"wp-caption-text\">10 &#8211; Foto Oktober Buchstabe 7<\/p><\/div>\n<div id=\"attachment_3508\" style=\"width: 730px\" class=\"wp-caption aligncenter\"><a href=\"https:\/\/hausen-aulatal.de\/wp-content\/uploads\/2014\/10\/9-Monat-September-Buchstabe-1.jpg\"><img loading=\"lazy\" decoding=\"async\" aria-describedby=\"caption-attachment-3508\" class=\"size-large wp-image-3508\" alt=\"9- Foto September Buchstabe 1\" src=\"https:\/\/hausen-aulatal.de\/wp-content\/uploads\/2014\/10\/9-Monat-September-Buchstabe-1-1024x785.jpg\" width=\"720\" height=\"551\" srcset=\"https:\/\/hausen-aulatal.de\/wp-content\/uploads\/2014\/10\/9-Monat-September-Buchstabe-1-1024x785.jpg 1024w, https:\/\/hausen-aulatal.de\/wp-content\/uploads\/2014\/10\/9-Monat-September-Buchstabe-1-300x230.jpg 300w\" sizes=\"(max-width: 720px) 100vw, 720px\" \/><\/a><p id=\"caption-attachment-3508\" class=\"wp-caption-text\">9- Foto September Buchstabe 1<\/p><\/div>\n<div id=\"attachment_3487\" style=\"width: 730px\" class=\"wp-caption aligncenter\"><a href=\"https:\/\/hausen-aulatal.de\/wp-content\/uploads\/2014\/03\/Bild-1-Karl-Dippoldsmann-Haus.jpg\"><img loading=\"lazy\" decoding=\"async\" aria-describedby=\"caption-attachment-3487\" class=\"size-large wp-image-3487\" alt=\"Foto August , Buchstabe 9\" src=\"https:\/\/hausen-aulatal.de\/wp-content\/uploads\/2014\/03\/Bild-1-Karl-Dippoldsmann-Haus-1024x438.jpg\" width=\"720\" height=\"307\" srcset=\"https:\/\/hausen-aulatal.de\/wp-content\/uploads\/2014\/03\/Bild-1-Karl-Dippoldsmann-Haus-1024x438.jpg 1024w, https:\/\/hausen-aulatal.de\/wp-content\/uploads\/2014\/03\/Bild-1-Karl-Dippoldsmann-Haus-300x128.jpg 300w\" sizes=\"(max-width: 720px) 100vw, 720px\" \/><\/a><p id=\"caption-attachment-3487\" class=\"wp-caption-text\">8-Foto August , Buchstabe 9<\/p><\/div>\n<div id=\"attachment_3507\" style=\"width: 730px\" class=\"wp-caption aligncenter\"><a href=\"https:\/\/hausen-aulatal.de\/wp-content\/uploads\/2014\/10\/7-Foto-Juli-Buchstabe-4.jpg\"><img loading=\"lazy\" decoding=\"async\" aria-describedby=\"caption-attachment-3507\" class=\"size-large wp-image-3507\" alt=\"7-Foto Juli Buchstabe 4\" src=\"https:\/\/hausen-aulatal.de\/wp-content\/uploads\/2014\/10\/7-Foto-Juli-Buchstabe-4-1024x452.jpg\" width=\"720\" height=\"317\" srcset=\"https:\/\/hausen-aulatal.de\/wp-content\/uploads\/2014\/10\/7-Foto-Juli-Buchstabe-4-1024x452.jpg 1024w, https:\/\/hausen-aulatal.de\/wp-content\/uploads\/2014\/10\/7-Foto-Juli-Buchstabe-4-300x132.jpg 300w, https:\/\/hausen-aulatal.de\/wp-content\/uploads\/2014\/10\/7-Foto-Juli-Buchstabe-4.jpg 2027w\" sizes=\"(max-width: 720px) 100vw, 720px\" \/><\/a><p id=\"caption-attachment-3507\" class=\"wp-caption-text\">7-Foto Juli Buchstabe 4<\/p><\/div>\n<div id=\"attachment_3506\" style=\"width: 730px\" class=\"wp-caption aligncenter\"><a href=\"https:\/\/hausen-aulatal.de\/wp-content\/uploads\/2014\/10\/6-Foto-Juni-Buchstabe-8.jpg\"><img loading=\"lazy\" decoding=\"async\" aria-describedby=\"caption-attachment-3506\" class=\"size-large wp-image-3506\" alt=\"6-Foto-Juni-Buchstabe-8\" src=\"https:\/\/hausen-aulatal.de\/wp-content\/uploads\/2014\/10\/6-Foto-Juni-Buchstabe-8-1024x768.jpg\" width=\"720\" height=\"540\" srcset=\"https:\/\/hausen-aulatal.de\/wp-content\/uploads\/2014\/10\/6-Foto-Juni-Buchstabe-8-1024x768.jpg 1024w, https:\/\/hausen-aulatal.de\/wp-content\/uploads\/2014\/10\/6-Foto-Juni-Buchstabe-8-300x225.jpg 300w\" sizes=\"(max-width: 720px) 100vw, 720px\" \/><\/a><p id=\"caption-attachment-3506\" class=\"wp-caption-text\">6-Foto-Juni-Buchstabe-8<\/p><\/div>\n<div id=\"attachment_3505\" style=\"width: 730px\" class=\"wp-caption aligncenter\"><a href=\"https:\/\/hausen-aulatal.de\/wp-content\/uploads\/2014\/10\/5-Foto-Mai-Buchstabe-3.jpg\"><img loading=\"lazy\" decoding=\"async\" aria-describedby=\"caption-attachment-3505\" class=\"size-large wp-image-3505\" alt=\"5-Foto Mai Buchstabe 3\" src=\"https:\/\/hausen-aulatal.de\/wp-content\/uploads\/2014\/10\/5-Foto-Mai-Buchstabe-3-833x1024.jpg\" width=\"720\" height=\"885\" srcset=\"https:\/\/hausen-aulatal.de\/wp-content\/uploads\/2014\/10\/5-Foto-Mai-Buchstabe-3-833x1024.jpg 833w, https:\/\/hausen-aulatal.de\/wp-content\/uploads\/2014\/10\/5-Foto-Mai-Buchstabe-3-244x300.jpg 244w, https:\/\/hausen-aulatal.de\/wp-content\/uploads\/2014\/10\/5-Foto-Mai-Buchstabe-3.jpg 1367w\" sizes=\"(max-width: 720px) 100vw, 720px\" \/><\/a><p id=\"caption-attachment-3505\" class=\"wp-caption-text\">5-Foto Mai Buchstabe 3<\/p><\/div>\n<div style=\"text-align: center;\">\n<dl id=\"attachment_3504\">\n<dt><a href=\"https:\/\/hausen-aulatal.de\/wp-content\/uploads\/2014\/10\/4-Foto-April-Buchstabe-5.jpg\"><img loading=\"lazy\" decoding=\"async\" class=\"aligncenter\" alt=\"4- Foto April Buchstabe 5\" src=\"https:\/\/hausen-aulatal.de\/wp-content\/uploads\/2014\/10\/4-Foto-April-Buchstabe-5.jpg\" width=\"607\" height=\"671\" \/><\/a><\/dt>\n<dd>4- Foto April Buchstabe 5<\/dd>\n<\/dl>\n<\/div>\n<div id=\"attachment_3502\" style=\"width: 730px\" class=\"wp-caption aligncenter\"><a href=\"https:\/\/hausen-aulatal.de\/wp-content\/uploads\/2014\/10\/3-Foto-M\u00e4rz-Buchstabe-11.jpg\"><img loading=\"lazy\" decoding=\"async\" aria-describedby=\"caption-attachment-3502\" class=\"size-large wp-image-3502\" alt=\"3-Foto M\u00e4rz Buchstabe 11\" src=\"https:\/\/hausen-aulatal.de\/wp-content\/uploads\/2014\/10\/3-Foto-M\u00e4rz-Buchstabe-11-1024x850.jpg\" width=\"720\" height=\"597\" srcset=\"https:\/\/hausen-aulatal.de\/wp-content\/uploads\/2014\/10\/3-Foto-M\u00e4rz-Buchstabe-11-1024x850.jpg 1024w, https:\/\/hausen-aulatal.de\/wp-content\/uploads\/2014\/10\/3-Foto-M\u00e4rz-Buchstabe-11-300x249.jpg 300w, https:\/\/hausen-aulatal.de\/wp-content\/uploads\/2014\/10\/3-Foto-M\u00e4rz-Buchstabe-11.jpg 1200w\" sizes=\"(max-width: 720px) 100vw, 720px\" \/><\/a><p id=\"caption-attachment-3502\" class=\"wp-caption-text\">3-Foto M\u00e4rz Buchstabe 11<\/p><\/div>\n<div id=\"attachment_3211\" style=\"width: 730px\" class=\"wp-caption aligncenter\"><a href=\"https:\/\/hausen-aulatal.de\/wp-content\/uploads\/2014\/10\/2-Foto-Februar-Buchstabe-2.jpg\"><img loading=\"lazy\" decoding=\"async\" aria-describedby=\"caption-attachment-3211\" class=\"size-large wp-image-3211\" alt=\"2-Foto Februar Buchstabe 2\" src=\"https:\/\/hausen-aulatal.de\/wp-content\/uploads\/2014\/10\/2-Foto-Februar-Buchstabe-2-1024x745.jpg\" width=\"720\" height=\"523\" srcset=\"https:\/\/hausen-aulatal.de\/wp-content\/uploads\/2014\/10\/2-Foto-Februar-Buchstabe-2-1024x745.jpg 1024w, https:\/\/hausen-aulatal.de\/wp-content\/uploads\/2014\/10\/2-Foto-Februar-Buchstabe-2-300x218.jpg 300w, https:\/\/hausen-aulatal.de\/wp-content\/uploads\/2014\/10\/2-Foto-Februar-Buchstabe-2.jpg 1620w\" sizes=\"(max-width: 720px) 100vw, 720px\" \/><\/a><p id=\"caption-attachment-3211\" class=\"wp-caption-text\">2-Foto Februar Buchstabe 2<\/p><\/div>\n<div id=\"attachment_3210\" style=\"width: 730px\" class=\"wp-caption aligncenter\"><a href=\"https:\/\/hausen-aulatal.de\/wp-content\/uploads\/2014\/10\/Foto-Januar-Buchstabe-6.jpg\"><img loading=\"lazy\" decoding=\"async\" aria-describedby=\"caption-attachment-3210\" class=\"size-large wp-image-3210\" alt=\"1-Foto Januar Buchstabe 6\" src=\"https:\/\/hausen-aulatal.de\/wp-content\/uploads\/2014\/10\/Foto-Januar-Buchstabe-6-1024x576.jpg\" width=\"720\" height=\"405\" srcset=\"https:\/\/hausen-aulatal.de\/wp-content\/uploads\/2014\/10\/Foto-Januar-Buchstabe-6-1024x576.jpg 1024w, https:\/\/hausen-aulatal.de\/wp-content\/uploads\/2014\/10\/Foto-Januar-Buchstabe-6-300x168.jpg 300w, https:\/\/hausen-aulatal.de\/wp-content\/uploads\/2014\/10\/Foto-Januar-Buchstabe-6.jpg 1200w\" sizes=\"(max-width: 720px) 100vw, 720px\" \/><\/a><p id=\"caption-attachment-3210\" class=\"wp-caption-text\">1-Foto Januar Buchstabe 6<\/p><\/div>\n<p>&nbsp;<\/p>\n<p>&nbsp;<\/p>\n<p>&nbsp;<\/p>\n<p>&nbsp;<\/p>\n<p>&nbsp;<\/p>\n<p>&nbsp;<\/p>\n<p>&nbsp;<\/p>\n<p>&nbsp;<\/p>\n<p>&nbsp;<\/p>\n<p>&nbsp;<\/p>\n","protected":false},"excerpt":{"rendered":"<p>Wir freuen uns, dass Du\/Sie Interesse an unserem ersten Kalenderr\u00e4tsel 2015 hast\/haben. Um mitzumachen ben\u00f6tigt man den Hausener Kalender, welcher vom Heimatverein Hausen f\u00fcr \u20ac 10,- zu erweben ist. Auf [&hellip;]<\/p>\n","protected":false},"author":2,"featured_media":0,"parent":3546,"menu_order":0,"comment_status":"closed","ping_status":"closed","template":"","meta":{"_price":"","_stock":"","_tribe_ticket_header":"","_tribe_default_ticket_provider":"","_tribe_ticket_capacity":"0","_ticket_start_date":"","_ticket_end_date":"","_tribe_ticket_show_description":"","_tribe_ticket_show_not_going":false,"_tribe_ticket_use_global_stock":"","_tribe_ticket_global_stock_level":"","_global_stock_mode":"","_global_stock_cap":"","_tribe_rsvp_for_event":"","_tribe_ticket_going_count":"","_tribe_ticket_not_going_count":"","_tribe_tickets_list":"[]","_tribe_ticket_has_attendee_info_fields":false,"footnotes":"","_tec_slr_enabled":"","_tec_slr_layout":""},"ticketed":false,"_links":{"self":[{"href":"https:\/\/hausen-aulatal.de\/index.php?rest_route=\/wp\/v2\/pages\/3204"}],"collection":[{"href":"https:\/\/hausen-aulatal.de\/index.php?rest_route=\/wp\/v2\/pages"}],"about":[{"href":"https:\/\/hausen-aulatal.de\/index.php?rest_route=\/wp\/v2\/types\/page"}],"author":[{"embeddable":true,"href":"https:\/\/hausen-aulatal.de\/index.php?rest_route=\/wp\/v2\/users\/2"}],"replies":[{"embeddable":true,"href":"https:\/\/hausen-aulatal.de\/index.php?rest_route=%2Fwp%2Fv2%2Fcomments&post=3204"}],"version-history":[{"count":27,"href":"https:\/\/hausen-aulatal.de\/index.php?rest_route=\/wp\/v2\/pages\/3204\/revisions"}],"predecessor-version":[{"id":7677,"href":"https:\/\/hausen-aulatal.de\/index.php?rest_route=\/wp\/v2\/pages\/3204\/revisions\/7677"}],"up":[{"embeddable":true,"href":"https:\/\/hausen-aulatal.de\/index.php?rest_route=\/wp\/v2\/pages\/3546"}],"wp:attachment":[{"href":"https:\/\/hausen-aulatal.de\/index.php?rest_route=%2Fwp%2Fv2%2Fmedia&parent=3204"}],"curies":[{"name":"wp","href":"https:\/\/api.w.org\/{rel}","templated":true}]}}