{"id":27733,"date":"2025-08-28T09:58:10","date_gmt":"2025-08-28T07:58:10","guid":{"rendered":"https:\/\/hausen-aulatal.de\/?post_type=tribe_events&#038;p=27733"},"modified":"2025-08-28T10:59:22","modified_gmt":"2025-08-28T08:59:22","slug":"timme-in-der-kulturkirche-oberaula-auf","status":"publish","type":"tribe_events","link":"https:\/\/hausen-aulatal.de\/?tribe_events=timme-in-der-kulturkirche-oberaula-auf","title":{"rendered":"TIMME in der KulturKirche Oberaula auf"},"content":{"rendered":"<p style=\"text-align: center;\"><a href=\"https:\/\/hausen-aulatal.de\/wp-content\/uploads\/2025\/08\/TIMME13-09-2025.jpg\"><img loading=\"lazy\" decoding=\"async\" class=\"alignnone size-full wp-image-27730\" src=\"https:\/\/hausen-aulatal.de\/wp-content\/uploads\/2025\/08\/TIMME13-09-2025.jpg\" alt=\"\" width=\"1920\" height=\"1280\" srcset=\"https:\/\/hausen-aulatal.de\/wp-content\/uploads\/2025\/08\/TIMME13-09-2025.jpg 1920w, https:\/\/hausen-aulatal.de\/wp-content\/uploads\/2025\/08\/TIMME13-09-2025-300x200.jpg 300w, https:\/\/hausen-aulatal.de\/wp-content\/uploads\/2025\/08\/TIMME13-09-2025-1024x683.jpg 1024w, https:\/\/hausen-aulatal.de\/wp-content\/uploads\/2025\/08\/TIMME13-09-2025-768x512.jpg 768w, https:\/\/hausen-aulatal.de\/wp-content\/uploads\/2025\/08\/TIMME13-09-2025-1536x1024.jpg 1536w\" sizes=\"(max-width: 1920px) 100vw, 1920px\" \/><\/a><\/p>\n<h6 style=\"text-align: right;\"><strong>\u00a0(Foto: KulturKirche Oberaula)<\/strong><\/h6>\n<h4>Mit 12 Jahren stand Tim Maier bereits zum ersten Mal mit seiner Gitarre auf der B\u00fchne. Eine Stra\u00dfenmusiktour durch den S\u00fcden Deutschlands war nicht nur der Startschuss zum Solo-Projekt TIMME, sie zeigt auch seine Leidenschaft f\u00fcr authentische, akustische Musik \u2013 \u201eDas Unterwegssein\u201c, so sagt er \u201ehat mich zu Neuem inspiriert&#8220;.<\/h4>\n<p><strong>TIMME<\/strong> steht f\u00fcr unverbl\u00fcmt ehrliche Texte. Eingebettet in rhythmisch \u00fcberlegte und organisch produzierte Arrangements. Tim Maier wird bei seinen Konzerten von David Hentzschel (Gitarre) und Niklas Strau\u00df (Piano) begleitet.<\/p>\n<p>Die eigenst\u00e4ndigen Songs des Musikers, der aus dem Raum Stuttgart stammt, werden auch von den Medien wahrgenommen. So gab es z.B. eine Unplugged-Session beim SWR1 Baden-W\u00fcrttemberg, Plays bei BigFM und SWR3, TV-Berichte im Fernsehen sowie Platzierungen in offiziellen Spotify-Playlists. Auf YouTube erhalten seine Videos mehrere tausend Aufrufe.<\/p>\n<p><strong>Am Samstag, 13. September 2025 um 19:00 Uhr tritt TIMME in der KulturKirche Oberaula auf.<\/strong><\/p>\n<p>VVK 18,00 \u20ac \/ TK 22,00 \u20ac<br \/>\nIde \u2013 Uhren-Optik-Schmuck, Oberaula<br \/>\nParkhotel zum Stern, Oberaula<br \/>\nwww.ticket-regional.de<\/p>\n<p>Einlass ist ab 18:30 Uhr. Generell gilt freie Platzwahl.<br \/>\n<strong>Veranstaltungsort<\/strong><br \/>\nOberaula<br \/>\nKulturKirche Oberaula<br \/>\nBirketstra\u00dfe 16<br \/>\n36280 Oberaula<br \/>\n<strong>Veranstalter<\/strong><br \/>\nGemeinsam f\u00fcr Oberaula e.V. (GfO)<br \/>\nHersfelder Str. 4<br \/>\n36280 Oberaula<br \/>\n(+49 171) 3452869<br \/>\nE-Mail: Kontakt@KulturKirche-Oberaula.de<br \/>\nkulturkirche-oberaula.de<\/p>\n","protected":false},"excerpt":{"rendered":"<p>\u00a0(Foto: KulturKirche Oberaula) Mit 12 Jahren stand Tim Maier bereits zum ersten Mal mit seiner Gitarre auf der B\u00fchne. Eine Stra\u00dfenmusiktour durch den S\u00fcden Deutschlands war nicht nur der Startschuss [&hellip;]<\/p>\n","protected":false},"author":3,"featured_media":0,"comment_status":"open","ping_status":"closed","template":"","meta":{"_price":"","_stock":"","_tribe_ticket_header":"","_tribe_default_ticket_provider":"","_tribe_ticket_capacity":"0","_ticket_start_date":"","_ticket_end_date":"","_tribe_ticket_show_description":"","_tribe_ticket_show_not_going":false,"_tribe_ticket_use_global_stock":"","_tribe_ticket_global_stock_level":"","_global_stock_mode":"","_global_stock_cap":"","_tribe_rsvp_for_event":"","_tribe_ticket_going_count":"","_tribe_ticket_not_going_count":"","_tribe_tickets_list":"[]","_tribe_ticket_has_attendee_info_fields":false,"_tribe_events_status":"","_tribe_events_status_reason":"","footnotes":"","_tec_slr_enabled":"","_tec_slr_layout":""},"tags":[],"tribe_events_cat":[],"ticketed":false,"_links":{"self":[{"href":"https:\/\/hausen-aulatal.de\/index.php?rest_route=\/wp\/v2\/tribe_events\/27733"}],"collection":[{"href":"https:\/\/hausen-aulatal.de\/index.php?rest_route=\/wp\/v2\/tribe_events"}],"about":[{"href":"https:\/\/hausen-aulatal.de\/index.php?rest_route=\/wp\/v2\/types\/tribe_events"}],"author":[{"embeddable":true,"href":"https:\/\/hausen-aulatal.de\/index.php?rest_route=\/wp\/v2\/users\/3"}],"replies":[{"embeddable":true,"href":"https:\/\/hausen-aulatal.de\/index.php?rest_route=%2Fwp%2Fv2%2Fcomments&post=27733"}],"version-history":[{"count":2,"href":"https:\/\/hausen-aulatal.de\/index.php?rest_route=\/wp\/v2\/tribe_events\/27733\/revisions"}],"predecessor-version":[{"id":27744,"href":"https:\/\/hausen-aulatal.de\/index.php?rest_route=\/wp\/v2\/tribe_events\/27733\/revisions\/27744"}],"wp:attachment":[{"href":"https:\/\/hausen-aulatal.de\/index.php?rest_route=%2Fwp%2Fv2%2Fmedia&parent=27733"}],"wp:term":[{"taxonomy":"post_tag","embeddable":true,"href":"https:\/\/hausen-aulatal.de\/index.php?rest_route=%2Fwp%2Fv2%2Ftags&post=27733"},{"taxonomy":"tribe_events_cat","embeddable":true,"href":"https:\/\/hausen-aulatal.de\/index.php?rest_route=%2Fwp%2Fv2%2Ftribe_events_cat&post=27733"}],"curies":[{"name":"wp","href":"https:\/\/api.w.org\/{rel}","templated":true}]}}